{"id":21,"date":"2023-12-15T17:57:55","date_gmt":"2023-12-15T17:57:55","guid":{"rendered":"https:\/\/gpv-aschheim.de\/?page_id=21"},"modified":"2026-03-17T21:20:52","modified_gmt":"2026-03-17T21:20:52","slug":"homepage","status":"publish","type":"page","link":"https:\/\/gpv-aschheim.de\/","title":{"rendered":"Startseite"},"content":{"rendered":"\n<p><a href=\"https:\/\/gpv-aschheim.de\/wp-admin\/edit.php?post_type=page\"><\/a><\/p>\n\n\n<div id=\"pl-gb21-69f729f5b4a4d\"  class=\"panel-layout wp-block-siteorigin-panels-layout-block\" ><div id=\"pg-gb21-69f729f5b4a4d-0\"  class=\"panel-grid panel-has-style\" ><div class=\"siteorigin-panels-stretch panel-row-style panel-row-style-for-gb21-69f729f5b4a4d-0\" data-stretch-type=\"full-width-stretch\" ><div id=\"pgc-gb21-69f729f5b4a4d-0-0\"  class=\"panel-grid-cell\" ><div id=\"panel-gb21-69f729f5b4a4d-0-0-0\" class=\"so-panel widget widget_sow-hero panel-first-child\" data-index=\"0\" ><div class=\"gpv-content panel-widget-style panel-widget-style-for-gb21-69f729f5b4a4d-0-0-0\" id=\"gpv-content-widget\" ><div\n\t\t\t\n\t\t\tclass=\"so-widget-sow-hero so-widget-sow-hero-default-287849d8ca97-21 so-widget-fittext-wrapper\"\n\t\t\t data-fit-text-compressor=\"0.85\"\n\t\t>\t\t\t\t<div class=\"sow-slider-base\" style=\"display: none\" tabindex=\"0\">\n\t\t\t\t\t<ul\n\t\t\t\t\tclass=\"sow-slider-images\"\n\t\t\t\t\tdata-settings=\"{&quot;pagination&quot;:true,&quot;speed&quot;:&quot;800&quot;,&quot;timeout&quot;:&quot;8000&quot;,&quot;paused&quot;:false,&quot;pause_on_hover&quot;:false,&quot;swipe&quot;:&quot;on&quot;,&quot;nav_always_show_desktop&quot;:&quot;&quot;,&quot;nav_always_show_mobile&quot;:&quot;&quot;,&quot;breakpoint&quot;:&quot;780px&quot;,&quot;unmute&quot;:false,&quot;anchor&quot;:null}\"\n\t\t\t\t\tstyle=\"min-height: 125\"\t\t\t\t\tdata-anchor-id=\"\"\n\t\t\t\t>\t\t<li class=\"sow-slider-image\" style=\"visibility: visible;;background-color: #dbeaee\" >\n\t\t\t\t\t<div class=\"sow-slider-image-container\">\n\t\t\t<div class=\"sow-slider-image-wrapper\">\n\t\t\t\t<h1 style=\"text-align: center\">Gemeindepartnerschaftsverein<\/h1>\n\n<hr class=\"subline\" \/>\n<p style=\"text-align: center\">Lernen Sie uns kennen<\/p>\t\t\t<\/div>\n\t\t<\/div>\n\t\t\t\t<\/li>\n\t\t<\/ul>\t\t\t\t<ol class=\"sow-slider-pagination\">\n\t\t\t\t\t\t\t\t\t\t\t<li><a href=\"#\" data-goto=\"0\" aria-label=\"Display slide 1\"><\/a><\/li>\n\t\t\t\t\t\t\t\t\t<\/ol>\n\n\t\t\t\t<div class=\"sow-slide-nav sow-slide-nav-next\">\n\t\t\t\t\t<a href=\"#\" data-goto=\"next\" aria-label=\"Next slide\" data-action=\"next\">\n\t\t\t\t\t\t<em class=\"sow-sld-icon-thin-right\"><\/em>\n\t\t\t\t\t<\/a>\n\t\t\t\t<\/div>\n\n\t\t\t\t<div class=\"sow-slide-nav sow-slide-nav-prev\">\n\t\t\t\t\t<a href=\"#\" data-goto=\"previous\" aria-label=\"Previous slide\" data-action=\"prev\">\n\t\t\t\t\t\t<em class=\"sow-sld-icon-thin-left\"><\/em>\n\t\t\t\t\t<\/a>\n\t\t\t\t<\/div>\n\t\t\t\t<\/div><\/div><\/div><\/div><div id=\"panel-gb21-69f729f5b4a4d-0-0-1\" class=\"so-panel widget widget_media_image panel-last-child\" data-index=\"1\" ><div id=\"triangel\" class=\"panel-widget-style panel-widget-style-for-gb21-69f729f5b4a4d-0-0-1\" ><img loading=\"lazy\" decoding=\"async\" width=\"100\" height=\"32\" src=\"https:\/\/gpv-aschheim.de\/wp-content\/uploads\/2023\/05\/triangel.png\" class=\"image wp-image-230  attachment-full size-full\" alt=\"\" style=\"max-width: 100%; height: auto;\" \/><\/div><\/div><\/div><\/div><\/div><div id=\"pg-gb21-69f729f5b4a4d-1\"  class=\"panel-grid panel-has-style\" ><div class=\"siteorigin-panels-stretch panel-row-style panel-row-style-for-gb21-69f729f5b4a4d-1\" data-stretch-type=\"full-width-stretch\" ><div id=\"pgc-gb21-69f729f5b4a4d-1-0\"  class=\"panel-grid-cell\" ><div class=\"panel-cell-style panel-cell-style-for-gb21-69f729f5b4a4d-1-0\" ><div id=\"panel-gb21-69f729f5b4a4d-1-0-0\" class=\"so-panel widget widget_siteorigin-panels-builder panel-first-child panel-last-child\" data-index=\"2\" ><div class=\"panel-widget-style panel-widget-style-for-gb21-69f729f5b4a4d-1-0-0\" ><div id=\"pl-w65958079776e1\"  class=\"panel-layout wp-block-siteorigin-panels-layout-block\" ><div id=\"pg-w65958079776e1-0\"  class=\"panel-grid panel-no-style\" ><div id=\"pgc-w65958079776e1-0-0\"  class=\"panel-grid-cell\" ><div id=\"panel-w65958079776e1-0-0-0\" class=\"so-panel widget widget_media_image panel-first-child panel-last-child\" data-index=\"0\" ><img loading=\"lazy\" decoding=\"async\" width=\"729\" height=\"550\" src=\"https:\/\/gpv-aschheim.de\/wp-content\/uploads\/2023\/05\/bg-article-k.png\" class=\"image wp-image-213  attachment-full size-full\" alt=\"\" style=\"max-width: 100%; height: auto;\" \/><\/div><\/div><\/div><\/div><\/div><\/div><\/div><\/div><div id=\"pgc-gb21-69f729f5b4a4d-1-1\"  class=\"panel-grid-cell\" ><div class=\"panel-cell-style panel-cell-style-for-gb21-69f729f5b4a4d-1-1\" ><div id=\"panel-gb21-69f729f5b4a4d-1-1-0\" class=\"so-panel widget widget_text panel-first-child panel-last-child\" data-index=\"3\" ><div id=\"first-text-right\" class=\"panel-widget-style panel-widget-style-for-gb21-69f729f5b4a4d-1-1-0\" ><h3 class=\"widget-title\">Wie alles begann&#8230;<\/h3>\t\t\t<div class=\"textwidget\"><hr class=\"trenner-aktuell\" \/>\n<p>Im Jahr 1999 beschloss der Gemeinderat Aschheim kommunale europ\u00e4ische Partnerschaften einzugehen und unterzeichnete noch im gleichen Jahr Partnerschaftsvertr\u00e4ge mit den Gemeinden Mougins in S\u00fcdfrankreich, Jedovnice\/Kotvrodovice in Tschechien und Leros in Griechenland.<\/p>\n<p>Damit die Partnerschaften nicht nur auf offizieller Basis bestehen, sondern die gesamte Bev\u00f6lkerung in die Partnerschaften eingebunden werden kann, befassten sich auf Anregung von Altb\u00fcrgermeister Helmut J. Englmann von der Idee begeisterte B\u00fcrger mit der Gr\u00fcndung eines Gemeindepartnerschaftsvereins. Unter dem Dach des noch im Jahr 1999 gegr\u00fcndeten \u201eGemeindepartnerschaftsverein Aschheim e. V.\u201c sind Komitees integriert, die sich speziell mit der Pflege der Partnerschaft in den jeweiligen Partnergemeinden befassen.<\/p>\n<p>Im Jahr 2010 wurde zudem eine kommunale Freundschaft mit der Gemeinde Liegau-Augustusbad in Sachsen offiziell besiegelt und als eine weitere Partnergemeinde den Partnerschaften im europ\u00e4ischen Ausland gleichgestellt. Die Freundschaft hatte sich im Rahmen der kommunalen Aufbauhilfe in den neuen Bundesl\u00e4ndern entwickelt.<\/p>\n<p>Der Gemeindepartnerschaftsverein Aschheim e. V. besteht nun seit mehr als 22 Jahren und ist bereits dabei, das Jubil\u00e4um \u201e25 Jahre Gemeindepartnerschaften\u201c vorzubereiten.<\/p>\n<p>W\u00e4hrend der vergangenen Jahre gab es viele sch\u00f6ne Begegnungen, vielseitige Erfahrungen und ein interessantes, gegenseitiges Einander-kennen-Lernen der Kulturen, der Geschichte und Traditionen im Sinne des europ\u00e4ischen Gedankens.<\/p>\n<p>Haben wir jetzt Ihr Interesse an den Partnerschaften geweckt? Dann bl\u00e4ttern Sie einfach weiter \u2026.<\/p>\n<\/div>\n\t\t<\/div><\/div><\/div><\/div><\/div><\/div><div id=\"pg-gb21-69f729f5b4a4d-2\"  class=\"panel-grid panel-no-style\" ><div id=\"pgc-gb21-69f729f5b4a4d-2-0\"  class=\"panel-grid-cell\" ><div id=\"panel-gb21-69f729f5b4a4d-2-0-0\" class=\"so-panel widget widget_text panel-first-child panel-last-child\" data-index=\"4\" ><div id=\"komitee-text\" class=\"panel-widget-style panel-widget-style-for-gb21-69f729f5b4a4d-2-0-0\" ><h3 class=\"widget-title\">Unsere Komitees<\/h3>\t\t\t<div class=\"textwidget\"><hr class=\"trenner-komitee\" \/>\n<p>Seit \u00fcber 20 Jahren besteht nunmehr ein intensiver Austausch zwischen der Gemeinde Aschheim und ihren Partnergemeinden in Europa. Ganzj\u00e4hrig finden viele gegenseitige Besuche in Form von Sch\u00fcler-\/Jugend-, Senioren- und Vereinsaustauschen statt. So entwickelt sich kontinuierlich eine Basis f\u00fcr neue Kontakte untereinander weiter.Viele Freundschaften sind in dieser langen Zeit bereits entstanden und werden gepflegt, nicht nur unter den verschiedenen Vereinen, sondern l\u00e4ngst auch unter Privatpersonen.<\/p>\n<\/div>\n\t\t<\/div><\/div><\/div><\/div><div id=\"pg-gb21-69f729f5b4a4d-3\"  class=\"panel-grid panel-no-style\" ><div id=\"pgc-gb21-69f729f5b4a4d-3-0\"  class=\"panel-grid-cell\" ><div id=\"panel-gb21-69f729f5b4a4d-3-0-0\" class=\"so-panel widget widget_sow-features panel-first-child panel-last-child\" data-index=\"5\" ><div\n\t\t\t\n\t\t\tclass=\"so-widget-sow-features so-widget-sow-features-default-875198524f44-21\"\n\t\t\t\n\t\t><ul\n\tclass=\"sow-features-list\n\tsow-features-responsive\">\n\n\t\t\t<li\n\t\t\tclass=\"sow-features-feature sow-icon-container-position-top\"\n\t\t\tstyle=\"display: flex; flex-direction: column; width: calc(25% - 0px);\"\n\t\t>\n\t\t\t\n\t\t\t\t\t\t<div\t\t\t\tclass=\"sow-icon-container sow-container-round\"\n\t\t\t\tstyle=\"color: #2292ae; \"\n\t\t\t\t\n\t\t\t\t\t\t\t>\n\t\t\t\t\t\t\t\t\t\t<div class=\"sow-icon-image\" style=\"background-image: url(https:\/\/gpv-aschheim.de\/wp-content\/uploads\/2024\/01\/Windmuehle3-150x150.jpg); font-size: 50px\"><\/div>\n\t\t\t\t\t\t\t\t\t<\/div>\n\n\t\t\t<div class=\"textwidget\">\n\t\t\t\t\n\t\t\t\t\t\t\t\t\t<h5 class=\"sow-features-feature-title\">\n\t\t\t\t\t\tKomitee Leros\t\t\t\t\t<\/h5>\n\t\t\t\t\n\t\t\t\t\t\t\t\t\t<div class=\"sow-features-feature-text\">\n\t\t\t\t\t\u201eWords are not enough to describe the hospitality that we received in this trip to Aschheim. We came to find friends and we found a \u201ebig warm family\u201c!\u201c Das hat der Basketballverein \u201ePanionios Lerou BC\u201c im Januar 2020 in unser G\u00e4stebuch geschrieben.\n<br \/>\n<a href=\"https:\/\/gpv-aschheim.de\/?page_id=536\">Mehr lesen<\/a>\t\t\t\t\t<\/div>\n\t\t\t\t\t\t\t\t<\/div>\n\t\t\t\t\t\t\t\t<\/li>\n\n\t\t\t<li\n\t\t\tclass=\"sow-features-feature sow-icon-container-position-top\"\n\t\t\tstyle=\"display: flex; flex-direction: column; width: calc(25% - 0px);\"\n\t\t>\n\t\t\t\n\t\t\t\t\t\t<div\t\t\t\tclass=\"sow-icon-container sow-container-round\"\n\t\t\t\tstyle=\"color: #06334d; \"\n\t\t\t\t\n\t\t\t\t\t\t\t>\n\t\t\t\t\t\t\t\t\t\t<div class=\"sow-icon-image\" style=\"background-image: url(https:\/\/gpv-aschheim.de\/wp-content\/uploads\/2023\/12\/Ortsschild4-150x150.jpg); font-size: 50px\"><\/div>\n\t\t\t\t\t\t\t\t\t<\/div>\n\n\t\t\t<div class=\"textwidget\">\n\t\t\t\t\n\t\t\t\t\t\t\t\t\t<h5 class=\"sow-features-feature-title\">\n\t\t\t\t\t\tKomitee Liegau- Augustusbad\t\t\t\t\t<\/h5>\n\t\t\t\t\n\t\t\t\t\t\t\t\t\t<div class=\"sow-features-feature-text\">\n\t\t\t\t\tDen SV Liegau-Augustusbad und den FC Aschheim verbindet eine jahrelange Freundschaft. Jedes Jahr f\u00e4hrt der FC Aschheim mit Jugendmannschaften zum Hallenturnier nach Liegau und im Sommer kommen dann die jugendlichen Fu\u00dfballspieler zum Sommerturnier des FC Aschheim.\n<br \/>\n<a href=\"https:\/\/gpv-aschheim.de\/?page_id=538\">Mehr erfahren<\/a>\t\t\t\t\t<\/div>\n\t\t\t\t\t\t\t\t<\/div>\n\t\t\t\t\t\t\t\t<\/li>\n\n\t\t\t<li\n\t\t\tclass=\"sow-features-feature sow-icon-container-position-top\"\n\t\t\tstyle=\"display: flex; flex-direction: column; width: calc(25% - 0px);\"\n\t\t>\n\t\t\t\n\t\t\t\t\t\t<div\t\t\t\tclass=\"sow-icon-container sow-container-round\"\n\t\t\t\tstyle=\"color: #2292ae; \"\n\t\t\t\t\n\t\t\t\t\t\t\t>\n\t\t\t\t\t\t\t\t\t\t<div class=\"sow-icon-image\" style=\"background-image: url(https:\/\/gpv-aschheim.de\/wp-content\/uploads\/2023\/09\/jedovnice-allg-150x150.jpg); font-size: 50px\"><\/div>\n\t\t\t\t\t\t\t\t\t<\/div>\n\n\t\t\t<div class=\"textwidget\">\n\t\t\t\t\n\t\t\t\t\t\t\t\t\t<h5 class=\"sow-features-feature-title\">\n\t\t\t\t\t\tKomitee Jedovnice\t\t\t\t\t<\/h5>\n\t\t\t\t\n\t\t\t\t\t\t\t\t\t<div class=\"sow-features-feature-text\">\n\t\t\t\t\tSeit nunmehr fast 25 Jahren pflegen wir unsere Kontakte nach Jedovnice und Kotvrdovice. Viele private Freundschaften sind in dieser Zeit entstanden.\n<br \/>\n<a href=\"https:\/\/gpv-aschheim.de\/?page_id=540\">Mehr erfahren<\/a>\t\t\t\t\t<\/div>\n\t\t\t\t\t\t\t\t<\/div>\n\t\t\t\t\t\t\t\t<\/li>\n\n\t\t\t<li\n\t\t\tclass=\"sow-features-feature sow-icon-container-position-top\"\n\t\t\tstyle=\"display: flex; flex-direction: column; width: calc(25% - 0px);\"\n\t\t>\n\t\t\t\n\t\t\t\t\t\t<div\t\t\t\tclass=\"sow-icon-container sow-container-round\"\n\t\t\t\tstyle=\"color: #06334d; \"\n\t\t\t\t\n\t\t\t\t\t\t\t>\n\t\t\t\t\t\t\t\t\t\t<div class=\"sow-icon-image\" style=\"background-image: url(https:\/\/gpv-aschheim.de\/wp-content\/uploads\/2023\/09\/Mougins2-150x150.jpg); font-size: 50px\"><\/div>\n\t\t\t\t\t\t\t\t\t<\/div>\n\n\t\t\t<div class=\"textwidget\">\n\t\t\t\t\n\t\t\t\t\t\t\t\t\t<h5 class=\"sow-features-feature-title\">\n\t\t\t\t\t\tKomitee Mougins\t\t\t\t\t<\/h5>\n\t\t\t\t\n\t\t\t\t\t\t\t\t\t<div class=\"sow-features-feature-text\">\n\t\t\t\t\tBis heute besteht zwischen Aschheim und Mougins eine lebendige Partnerschaft, getragen von den Vereinen und Organisationen auf sportlicher und kultureller Ebene.\n<br \/>\n<a href=\"https:\/\/gpv-aschheim.de\/?page_id=542\">Mehr erfahren<\/a>\t\t\t\t\t<\/div>\n\t\t\t\t\t\t\t\t<\/div>\n\t\t\t\t\t\t\t\t<\/li>\n\n\t<\/ul>\n<\/div><\/div><\/div><\/div><div id=\"pg-gb21-69f729f5b4a4d-4\"  class=\"panel-grid panel-has-style\" ><div class=\"siteorigin-panels-stretch panel-row-style panel-row-style-for-gb21-69f729f5b4a4d-4\" data-stretch-type=\"full-width-stretch\" ><div id=\"pgc-gb21-69f729f5b4a4d-4-0\"  class=\"panel-grid-cell\" ><div id=\"panel-gb21-69f729f5b4a4d-4-0-0\" class=\"so-panel widget widget_sow-hero panel-first-child panel-last-child\" data-index=\"6\" ><div\n\t\t\t\n\t\t\tclass=\"so-widget-sow-hero so-widget-sow-hero-default-6fc6b89c8a98-21 so-widget-fittext-wrapper\"\n\t\t\t data-fit-text-compressor=\"0.85\"\n\t\t>\t\t\t\t<div class=\"sow-slider-base\" style=\"display: none\" tabindex=\"0\">\n\t\t\t\t\t<ul\n\t\t\t\t\tclass=\"sow-slider-images\"\n\t\t\t\t\tdata-settings=\"{&quot;pagination&quot;:true,&quot;speed&quot;:800,&quot;timeout&quot;:8000,&quot;paused&quot;:false,&quot;pause_on_hover&quot;:false,&quot;swipe&quot;:true,&quot;nav_always_show_desktop&quot;:&quot;&quot;,&quot;nav_always_show_mobile&quot;:&quot;&quot;,&quot;breakpoint&quot;:&quot;780px&quot;,&quot;unmute&quot;:false,&quot;anchor&quot;:null}\"\n\t\t\t\t\tstyle=\"min-height: 480px\"\t\t\t\t\tdata-anchor-id=\"\"\n\t\t\t\t>\t\t<li class=\"sow-slider-image  sow-slider-image-cover\" style=\"visibility: visible;;background-color: #413c35\" >\n\t\t\t\t\t<div class=\"sow-slider-image-container\">\n\t\t\t<div class=\"sow-slider-image-wrapper\">\n\t\t\t\t<h2 style=\"text-align: center\">Jetzt Mitglied werden<\/h2>\n<p style=\"text-align: center\"><b>Wir freuen uns, wenn Sie sich dazu entschlie\u00dfen, Mitglied in unserem Partnerschaftsverein zu werden und sich den derzeit 300 Vereinsmitgliedern anzuschlie\u00dfen. Unser Verein ist immer nur so stark, wie die Menschen, die den europ\u00e4ischen Gedanken mittragen.\nInsofern w\u00fcrden wir uns freuen, Sie willkommen hei\u00dfen zu d\u00fcrfen.<\/b><\/p>\n<div class=\"sow-hero-buttons\" style=\"text-align: center\"><div\n\t\t\t\n\t\t\tclass=\"so-widget-sow-button so-widget-sow-button-flat-7916252f4f4b\"\n\t\t\t\n\t\t><div class=\"ow-button-base ow-button-align-center\"\n>\n\t\t\t<a\n\t\t\t\t\thref=\"https:\/\/gpv-aschheim.de\/?page_id=567\"\n\t\t\t\t\tclass=\"sowb-button ow-icon-placement-left ow-button-hover\" \t>\n\t\t<span>\n\t\t\t<span class=\"sow-icon-fontawesome sow-fas\" data-sow-icon=\"&#xf35d;\"\n\t\tstyle=\"color: #ffffff\" \n\t\taria-hidden=\"true\"><\/span>\n\t\t\tMehr erfahren\t\t<\/span>\n\t\t\t<\/a>\n\t<\/div>\n<\/div><div\n\t\t\t\n\t\t\tclass=\"so-widget-sow-button so-widget-sow-button-flat-0d8a9696411d\"\n\t\t\t\n\t\t><div class=\"ow-button-base ow-button-align-center\"\n>\n\t\t\t<a\n\t\t\t\t\thref=\"\/wp-content\/uploads\/2023\/09\/Aufnahmeantrag-2023.pdf\"\n\t\t\t\t\tclass=\"sowb-button ow-icon-placement-left ow-button-hover\" download=\"\" \t>\n\t\t<span>\n\t\t\t<span class=\"sow-icon-fontawesome sow-fas\" data-sow-icon=\"&#xf019;\"\n\t\tstyle=\"color: #ffffff\" \n\t\taria-hidden=\"true\"><\/span>\n\t\t\tAntrag herunterladen\t\t<\/span>\n\t\t\t<\/a>\n\t<\/div>\n<\/div><\/div>\t\t\t<\/div>\n\t\t<\/div>\n\t\t<div class=\"sow-slider-image-overlay sow-slider-image-cover\" style=\"opacity: 0.75;background-image: url(https:\/\/gpv-aschheim.de\/wp-content\/uploads\/2023\/05\/mitglied-6-hell.jpg)\"  ><\/div>\t\t<\/li>\n\t\t<\/ul>\t\t\t\t<ol class=\"sow-slider-pagination\">\n\t\t\t\t\t\t\t\t\t\t\t<li><a href=\"#\" data-goto=\"0\" aria-label=\"Display slide 1\"><\/a><\/li>\n\t\t\t\t\t\t\t\t\t<\/ol>\n\n\t\t\t\t<div class=\"sow-slide-nav sow-slide-nav-next\">\n\t\t\t\t\t<a href=\"#\" data-goto=\"next\" aria-label=\"Next slide\" data-action=\"next\">\n\t\t\t\t\t\t<em class=\"sow-sld-icon-thin-right\"><\/em>\n\t\t\t\t\t<\/a>\n\t\t\t\t<\/div>\n\n\t\t\t\t<div class=\"sow-slide-nav sow-slide-nav-prev\">\n\t\t\t\t\t<a href=\"#\" data-goto=\"previous\" aria-label=\"Previous slide\" data-action=\"prev\">\n\t\t\t\t\t\t<em class=\"sow-sld-icon-thin-left\"><\/em>\n\t\t\t\t\t<\/a>\n\t\t\t\t<\/div>\n\t\t\t\t<\/div><\/div><\/div><\/div><\/div><\/div><div id=\"pg-gb21-69f729f5b4a4d-5\"  class=\"panel-grid panel-has-style\" ><div class=\"siteorigin-panels-stretch panel-row-style panel-row-style-for-gb21-69f729f5b4a4d-5\" data-stretch-type=\"full\" ><div id=\"pgc-gb21-69f729f5b4a4d-5-0\"  class=\"panel-grid-cell\" ><div id=\"panel-gb21-69f729f5b4a4d-5-0-0\" class=\"so-panel widget widget_sow-headline panel-first-child panel-last-child\" data-index=\"7\" ><div\n\t\t\t\n\t\t\tclass=\"so-widget-sow-headline so-widget-sow-headline-default-5eb64f23bbbe-21 so-widget-fittext-wrapper\"\n\t\t\t data-fit-text-compressor=\"0.85\"\n\t\t><div class=\"sow-headline-container \">\n\t\t\t\t\t\t\t<h2 class=\"sow-headline\">\n\t\t\t\t\t\tDie letzten Aktivit\u00e4ten\t\t\t\t\t\t<\/h2>\n\t\t\t\t\t\t\t\t\t\t\t<div class=\"decoration\">\n\t\t\t\t\t\t<div class=\"decoration-inside\"><\/div>\n\t\t\t\t\t<\/div>\n\t\t\t\t\t<\/div>\n<\/div><\/div><\/div><\/div><\/div><div id=\"pg-gb21-69f729f5b4a4d-6\"  class=\"panel-grid panel-no-style\" ><div id=\"pgc-gb21-69f729f5b4a4d-6-0\"  class=\"panel-grid-cell\" ><div id=\"panel-gb21-69f729f5b4a4d-6-0-0\" class=\"so-panel widget widget_sow-blog panel-first-child panel-last-child\" data-index=\"8\" ><div\n\t\t\t\n\t\t\tclass=\"so-widget-sow-blog so-widget-sow-blog-grid-11f4ab523dbc-21\"\n\t\t\t\n\t\t>\t\t<div\n\t\tclass=\"sow-blog sow-blog-layout-grid\"\n\t\tdata-template=\"grid\"\n\t\tdata-settings=\"{&quot;columns&quot;:4,&quot;featured_image&quot;:true,&quot;featured_image_empty&quot;:true,&quot;featured_image_size&quot;:&quot;vantage-carousel&quot;,&quot;featured_image_size_width&quot;:&quot;&quot;,&quot;featured_image_size_height&quot;:&quot;&quot;,&quot;tag&quot;:&quot;h2&quot;,&quot;content&quot;:&quot;excerpt&quot;,&quot;excerpt_length&quot;:50,&quot;date&quot;:true,&quot;so_field_container_state&quot;:&quot;open&quot;,&quot;trim_manual_excerpt&quot;:&quot;&quot;,&quot;read_more&quot;:&quot;&quot;,&quot;author&quot;:&quot;&quot;,&quot;filter_categories&quot;:false,&quot;categories&quot;:&quot;&quot;,&quot;tags&quot;:&quot;&quot;,&quot;comment_count&quot;:&quot;&quot;,&quot;template&quot;:&quot;grid&quot;}\"\n\t\tdata-paged=\"1\"\n\t\tdata-paging-id=\"11f4ab523dbc\"\n\t\tdata-total-pages=\"1\"\n\t\tdata-hash=\"3b9a2a7a\"\n\t>\n\t\t\n\t\t\t\t\t\t\t<div class=\"sow-blog-posts\">\n\t\t\t\t<article id=\"post-1060\" class=\"post-1060 post type-post status-publish format-standard has-post-thumbnail hentry category-featured category-jedovnice-kotvrdovice post-with-thumbnail post-with-thumbnail-none\" style=\"margin: 0 0 30px;\">\n\t\t\t\t\t<div class=\"sow-entry-thumbnail\">\n\t\t\t\t\t\t\t\t\t\t<a href=\"https:\/\/gpv-aschheim.de\/?p=1060\">\n\t\t\t\t\t\t<img loading=\"lazy\" decoding=\"async\" width=\"272\" height=\"182\" src=\"https:\/\/gpv-aschheim.de\/wp-content\/uploads\/2023\/12\/Gruppenbild1-272x182.jpg\" class=\"attachment-vantage-carousel size-vantage-carousel wp-post-image\" alt=\"\" \/>\t\t\t\t\t<\/a>\n\t\t\t\t<\/div>\n\t\t\t\t\t\t\t<div class=\"sow-blog-content-wrapper\"\n\t\t style=\"padding: 25px 30px 33px;\">\n\t\t\t\t<header class=\"sow-entry-header\">\n\t\t\t<h2 class=\"sow-entry-title\" style=\"margin: 0 0 5px;\"><a href=\"https:\/\/gpv-aschheim.de\/?p=1060\" rel=\"bookmark\">Komiteereise nach Jedovnice und Kotvrdovice im Oktober 2023<\/a><\/h2>\t\t\t<div class=\"sow-entry-meta\">\n\t\t\t\t\t\t\t<span class=\"sow-entry-date\">\n\t\t\t\t<a href=\"https:\/\/gpv-aschheim.de\/?p=1060\" rel=\"bookmark\">\n\t\t\t\t\t<time class=\"published\" datetime=\"2023-12-31T10:26:30+00:00\">\n\t\t\t\t\t\tDezember 31, 2023\t\t\t\t\t<\/time>\n\t\t\t\t\t<time class=\"updated\" datetime=\"2024-01-06T15:14:13+00:00\">\n\t\t\t\t\t\tJanuar 6, 2024\t\t\t\t\t<\/time>\n\t\t\t\t<\/a>\n\t\t\t<\/span>\n\t\t\n\t\t\n\t\t\n\t\t\t\t\t<\/div>\n\t\t<\/header>\n\n\t\t\t\t\t<div\n\t\t\t\tclass=\"sow-entry-content\"\n\t\t\t\tstyle=\"margin-top: 20px;\"\n\t\t\t>\n\t\t\t\t<p>Oktober 2023\u2192 Vom 26.10. \u2013 29.10.2023 fand unsere j\u00e4hrliche Komiteereise nach Jedovnice und Kotvrdovice statt.<\/p>\t\t\t<\/div>\n\t\t\t\t<\/div>\n<\/article>\n<article id=\"post-907\" class=\"post-907 post type-post status-publish format-standard has-post-thumbnail hentry category-berichte category-featured post-with-thumbnail post-with-thumbnail-none\" style=\"margin: 0 0 30px;\">\n\t\t\t\t\t<div class=\"sow-entry-thumbnail\">\n\t\t\t\t\t\t\t\t\t\t<a href=\"https:\/\/gpv-aschheim.de\/?p=907\">\n\t\t\t\t\t\t<img loading=\"lazy\" decoding=\"async\" width=\"272\" height=\"182\" src=\"https:\/\/gpv-aschheim.de\/wp-content\/uploads\/2023\/10\/vito-272x182.jpg\" class=\"attachment-vantage-carousel size-vantage-carousel wp-post-image\" alt=\"\" \/>\t\t\t\t\t<\/a>\n\t\t\t\t<\/div>\n\t\t\t\t\t\t\t<div class=\"sow-blog-content-wrapper\"\n\t\t style=\"padding: 25px 30px 33px;\">\n\t\t\t\t<header class=\"sow-entry-header\">\n\t\t\t<h2 class=\"sow-entry-title\" style=\"margin: 0 0 5px;\"><a href=\"https:\/\/gpv-aschheim.de\/?p=907\" rel=\"bookmark\">Unser neuer Sprinter<\/a><\/h2>\t\t\t<div class=\"sow-entry-meta\">\n\t\t\t\t\t\t\t<span class=\"sow-entry-date\">\n\t\t\t\t<a href=\"https:\/\/gpv-aschheim.de\/?p=907\" rel=\"bookmark\">\n\t\t\t\t\t<time class=\"published\" datetime=\"2023-10-01T10:08:53+00:00\">\n\t\t\t\t\t\tOktober 1, 2023\t\t\t\t\t<\/time>\n\t\t\t\t\t<time class=\"updated\" datetime=\"2024-01-06T15:15:39+00:00\">\n\t\t\t\t\t\tJanuar 6, 2024\t\t\t\t\t<\/time>\n\t\t\t\t<\/a>\n\t\t\t<\/span>\n\t\t\n\t\t\n\t\t\n\t\t\t\t\t<\/div>\n\t\t<\/header>\n\n\t\t\t\t\t<div\n\t\t\t\tclass=\"sow-entry-content\"\n\t\t\t\tstyle=\"margin-top: 20px;\"\n\t\t\t>\n\t\t\t\t<p>September 2023 \u2192 Wir sagen DANKE! Am 05. September 2023 \u00fcbergab der 2. B\u00fcrgermeister Robert Ertl im Namen der Gemeinde Aschheim dem Gemeindepartnerschaftsverein den gemeindlichen Mercedes Vito Sprinter.<\/p>\t\t\t<\/div>\n\t\t\t\t<\/div>\n<\/article>\n<article id=\"post-1100\" class=\"post-1100 post type-post status-publish format-standard has-post-thumbnail hentry category-featured category-leros post-with-thumbnail post-with-thumbnail-none\" style=\"margin: 0 0 30px;\">\n\t\t\t\t\t<div class=\"sow-entry-thumbnail\">\n\t\t\t\t\t\t\t\t\t\t<a href=\"https:\/\/gpv-aschheim.de\/?p=1100\">\n\t\t\t\t\t\t<img loading=\"lazy\" decoding=\"async\" width=\"272\" height=\"182\" src=\"https:\/\/gpv-aschheim.de\/wp-content\/uploads\/2023\/09\/Gruppenfoto1-272x182.jpg\" class=\"attachment-vantage-carousel size-vantage-carousel wp-post-image\" alt=\"\" \/>\t\t\t\t\t<\/a>\n\t\t\t\t<\/div>\n\t\t\t\t\t\t\t<div class=\"sow-blog-content-wrapper\"\n\t\t style=\"padding: 25px 30px 33px;\">\n\t\t\t\t<header class=\"sow-entry-header\">\n\t\t\t<h2 class=\"sow-entry-title\" style=\"margin: 0 0 5px;\"><a href=\"https:\/\/gpv-aschheim.de\/?p=1100\" rel=\"bookmark\">Komiteereise 2023 nach Leros<\/a><\/h2>\t\t\t<div class=\"sow-entry-meta\">\n\t\t\t\t\t\t\t<span class=\"sow-entry-date\">\n\t\t\t\t<a href=\"https:\/\/gpv-aschheim.de\/?p=1100\" rel=\"bookmark\">\n\t\t\t\t\t<time class=\"published\" datetime=\"2023-09-10T12:20:00+00:00\">\n\t\t\t\t\t\tSeptember 10, 2023\t\t\t\t\t<\/time>\n\t\t\t\t\t<time class=\"updated\" datetime=\"2024-01-06T15:14:44+00:00\">\n\t\t\t\t\t\tJanuar 6, 2024\t\t\t\t\t<\/time>\n\t\t\t\t<\/a>\n\t\t\t<\/span>\n\t\t\n\t\t\n\t\t\n\t\t\t\t\t<\/div>\n\t\t<\/header>\n\n\t\t\t\t\t<div\n\t\t\t\tclass=\"sow-entry-content\"\n\t\t\t\tstyle=\"margin-top: 20px;\"\n\t\t\t>\n\t\t\t\t<p>29.08. &#8211; 05.09.2023 \u2192 Wir waren wieder mal \u00fcberw\u00e4ltigt von der Gastfreundschaft und Herzlichkeit der Inselbewohner! So ist es uns Komitee-Mitgliedern ergangen, als wir jetzt nach vielen Jahren endlich eine Komiteereise nach Leros unternommen haben.Wen haben wir alles getroffen: Altb\u00fcrgermeister Antartis, Fam. Karanikola vom Hotel Marilen, Metropolit Paisios und Bischof&#8230;<\/p>\t\t\t<\/div>\n\t\t\t\t<\/div>\n<\/article>\n<article id=\"post-746\" class=\"post-746 post type-post status-publish format-standard has-post-thumbnail hentry category-featured category-liegau-augustusbad post-with-thumbnail post-with-thumbnail-none\" style=\"margin: 0 0 30px;\">\n\t\t\t\t\t<div class=\"sow-entry-thumbnail\">\n\t\t\t\t\t\t\t\t\t\t<a href=\"https:\/\/gpv-aschheim.de\/?p=746\">\n\t\t\t\t\t\t<img loading=\"lazy\" decoding=\"async\" width=\"272\" height=\"182\" src=\"https:\/\/gpv-aschheim.de\/wp-content\/uploads\/2023\/08\/IMG-20230708-WA0017-720x440-1-272x182.jpg\" class=\"attachment-vantage-carousel size-vantage-carousel wp-post-image\" alt=\"\" \/>\t\t\t\t\t<\/a>\n\t\t\t\t<\/div>\n\t\t\t\t\t\t\t<div class=\"sow-blog-content-wrapper\"\n\t\t style=\"padding: 25px 30px 33px;\">\n\t\t\t\t<header class=\"sow-entry-header\">\n\t\t\t<h2 class=\"sow-entry-title\" style=\"margin: 0 0 5px;\"><a href=\"https:\/\/gpv-aschheim.de\/?p=746\" rel=\"bookmark\">Fu\u00dfballfreundschaft FC Aschheim und SV Liegau-Augustusbad im dritten Jahrzehnt &#8211; E-Jugend nimmt am Turnier in Aschheim teil.<\/a><\/h2>\t\t\t<div class=\"sow-entry-meta\">\n\t\t\t\t\t\t\t<span class=\"sow-entry-date\">\n\t\t\t\t<a href=\"https:\/\/gpv-aschheim.de\/?p=746\" rel=\"bookmark\">\n\t\t\t\t\t<time class=\"published\" datetime=\"2023-08-06T13:47:54+00:00\">\n\t\t\t\t\t\tAugust 6, 2023\t\t\t\t\t<\/time>\n\t\t\t\t\t<time class=\"updated\" datetime=\"2023-08-06T14:16:01+00:00\">\n\t\t\t\t\t\tAugust 6, 2023\t\t\t\t\t<\/time>\n\t\t\t\t<\/a>\n\t\t\t<\/span>\n\t\t\n\t\t\n\t\t\n\t\t\t\t\t<\/div>\n\t\t<\/header>\n\n\t\t\t\t\t<div\n\t\t\t\tclass=\"sow-entry-content\"\n\t\t\t\tstyle=\"margin-top: 20px;\"\n\t\t\t>\n\t\t\t\t<p>Juli 2023 \u2192 Am Wochenende, vom 07. bis 09. Juli 2023, stand f\u00fcr E-Jugend die Fahrt zum Sommerturnier des FC Aschheim an. Voller Erwartung kam der Liegauer Tross, trotz der zu erwartenden<\/p>\t\t\t<\/div>\n\t\t\t\t<\/div>\n<\/article>\n<article id=\"post-710\" class=\"post-710 post type-post status-publish format-standard has-post-thumbnail hentry category-featured category-jedovnice-kotvrdovice post-with-thumbnail post-with-thumbnail-none\" style=\"margin: 0 0 30px;\">\n\t\t\t\t\t<div class=\"sow-entry-thumbnail\">\n\t\t\t\t\t\t\t\t\t\t<a href=\"https:\/\/gpv-aschheim.de\/?p=710\">\n\t\t\t\t\t\t<img loading=\"lazy\" decoding=\"async\" width=\"272\" height=\"182\" src=\"https:\/\/gpv-aschheim.de\/wp-content\/uploads\/2023\/08\/bild1-720x440-1-272x182.jpg\" class=\"attachment-vantage-carousel size-vantage-carousel wp-post-image\" alt=\"\" \/>\t\t\t\t\t<\/a>\n\t\t\t\t<\/div>\n\t\t\t\t\t\t\t<div class=\"sow-blog-content-wrapper\"\n\t\t style=\"padding: 25px 30px 33px;\">\n\t\t\t\t<header class=\"sow-entry-header\">\n\t\t\t<h2 class=\"sow-entry-title\" style=\"margin: 0 0 5px;\"><a href=\"https:\/\/gpv-aschheim.de\/?p=710\" rel=\"bookmark\">Maibaumaufstellungen in Aschheim und Dornach<\/a><\/h2>\t\t\t<div class=\"sow-entry-meta\">\n\t\t\t\t\t\t\t<span class=\"sow-entry-date\">\n\t\t\t\t<a href=\"https:\/\/gpv-aschheim.de\/?p=710\" rel=\"bookmark\">\n\t\t\t\t\t<time class=\"published\" datetime=\"2023-08-06T12:23:14+00:00\">\n\t\t\t\t\t\tAugust 6, 2023\t\t\t\t\t<\/time>\n\t\t\t\t\t<time class=\"updated\" datetime=\"2023-08-06T13:00:05+00:00\">\n\t\t\t\t\t\tAugust 6, 2023\t\t\t\t\t<\/time>\n\t\t\t\t<\/a>\n\t\t\t<\/span>\n\t\t\n\t\t\n\t\t\n\t\t\t\t\t<\/div>\n\t\t<\/header>\n\n\t\t\t\t\t<div\n\t\t\t\tclass=\"sow-entry-content\"\n\t\t\t\tstyle=\"margin-top: 20px;\"\n\t\t\t>\n\t\t\t\t<p>Mai 2023 \u2192 Die Maibaumaufstellung ist immer ein besonderes Highlight f\u00fcr unserer Freunde aus den Partnergemeinden und so durften wir dieses Jahr gleich zwei Gruppen aus Jedovnice und Kotvrdovice zu den Maibaumaufstellungen in Aschheim und Dornach begr\u00fc\u00dfen.<\/p>\t\t\t<\/div>\n\t\t\t\t<\/div>\n<\/article>\n\t\t\t<\/div>\n\t\t\t\t\t\t\t\t<\/div>\n\t<\/div><\/div><\/div><\/div><\/div>\n\n\n<p><\/p>\n","protected":false},"excerpt":{"rendered":"","protected":false},"author":1,"featured_media":0,"parent":0,"menu_order":0,"comment_status":"closed","ping_status":"closed","template":"home-panels.php","meta":{"footnotes":""},"class_list":["post-21","page","type-page","status-publish","hentry","post"],"_links":{"self":[{"href":"https:\/\/gpv-aschheim.de\/index.php?rest_route=\/wp\/v2\/pages\/21","targetHints":{"allow":["GET"]}}],"collection":[{"href":"https:\/\/gpv-aschheim.de\/index.php?rest_route=\/wp\/v2\/pages"}],"about":[{"href":"https:\/\/gpv-aschheim.de\/index.php?rest_route=\/wp\/v2\/types\/page"}],"author":[{"embeddable":true,"href":"https:\/\/gpv-aschheim.de\/index.php?rest_route=\/wp\/v2\/users\/1"}],"replies":[{"embeddable":true,"href":"https:\/\/gpv-aschheim.de\/index.php?rest_route=%2Fwp%2Fv2%2Fcomments&post=21"}],"version-history":[{"count":131,"href":"https:\/\/gpv-aschheim.de\/index.php?rest_route=\/wp\/v2\/pages\/21\/revisions"}],"predecessor-version":[{"id":1225,"href":"https:\/\/gpv-aschheim.de\/index.php?rest_route=\/wp\/v2\/pages\/21\/revisions\/1225"}],"wp:attachment":[{"href":"https:\/\/gpv-aschheim.de\/index.php?rest_route=%2Fwp%2Fv2%2Fmedia&parent=21"}],"curies":[{"name":"wp","href":"https:\/\/api.w.org\/{rel}","templated":true}]}}