{"id":53,"date":"2023-05-15T18:15:44","date_gmt":"2023-05-15T18:15:44","guid":{"rendered":"https:\/\/gpv-aschheim.de\/?page_id=53"},"modified":"2023-10-01T10:29:21","modified_gmt":"2023-10-01T10:29:21","slug":"veranstaltungen-leros","status":"publish","type":"page","link":"https:\/\/gpv-aschheim.de\/?page_id=53","title":{"rendered":"Aktivit\u00e4ten Leros"},"content":{"rendered":"<div id=\"pl-gb53-69f7363141473\"  class=\"panel-layout\" ><div id=\"pg-gb53-69f7363141473-0\"  class=\"panel-grid panel-no-style\" ><div id=\"pgc-gb53-69f7363141473-0-0\"  class=\"panel-grid-cell\" ><div id=\"panel-gb53-69f7363141473-0-0-0\" class=\"so-panel widget widget_sow-headline panel-first-child panel-last-child\" data-index=\"0\" ><div class=\"headline-gallery panel-widget-style panel-widget-style-for-gb53-69f7363141473-0-0-0\" ><div\n\t\t\t\n\t\t\tclass=\"so-widget-sow-headline so-widget-sow-headline-default-a12b1aa895d7-53 so-widget-fittext-wrapper\"\n\t\t\t data-fit-text-compressor=\"0.85\"\n\t\t><div class=\"sow-headline-container \">\n\t\t\t\t\t\t\t<h2 class=\"sow-headline\">\n\t\t\t\t\t\tUnsere sch\u00f6nsten Erinnerungen\t\t\t\t\t\t<\/h2>\n\t\t\t\t\t\t\t\t\t\t\t<div class=\"decoration\">\n\t\t\t\t\t\t<div class=\"decoration-inside\"><\/div>\n\t\t\t\t\t<\/div>\n\t\t\t\t\t\t\t\t\t\t\t<h5 class=\"sow-sub-headline\">\n\t\t\t\t\t\tUnsere Partnerschaften leben von den gegenseitigen Besuchen, lesen Sie hier von unseren gemeinsamen Aktivit\u00e4ten\t\t\t\t\t\t<\/h5>\n\t\t\t\t\t\t<\/div>\n<\/div><\/div><\/div><\/div><\/div><div id=\"pg-gb53-69f7363141473-1\"  class=\"panel-grid panel-no-style\" ><div id=\"pgc-gb53-69f7363141473-1-0\"  class=\"panel-grid-cell\" ><div id=\"panel-gb53-69f7363141473-1-0-0\" class=\"so-panel widget widget_sow-blog panel-first-child panel-last-child\" data-index=\"1\" ><div\n\t\t\t\n\t\t\tclass=\"so-widget-sow-blog so-widget-sow-blog-grid-bad24c91a795-53\"\n\t\t\t\n\t\t>\t\t<div\n\t\tclass=\"sow-blog sow-blog-layout-grid\"\n\t\tdata-template=\"grid\"\n\t\tdata-settings=\"{&quot;columns&quot;:3,&quot;featured_image&quot;:true,&quot;featured_image_size&quot;:&quot;full&quot;,&quot;featured_image_size_width&quot;:&quot;&quot;,&quot;featured_image_size_height&quot;:&quot;&quot;,&quot;tag&quot;:&quot;h2&quot;,&quot;content&quot;:&quot;excerpt&quot;,&quot;excerpt_length&quot;:50,&quot;date&quot;:true,&quot;filter_categories&quot;:false,&quot;so_field_container_state&quot;:&quot;open&quot;,&quot;read_more&quot;:false,&quot;author&quot;:false,&quot;categories&quot;:false,&quot;tags&quot;:false,&quot;comment_count&quot;:false,&quot;featured_image_empty&quot;:true,&quot;trim_manual_excerpt&quot;:&quot;&quot;,&quot;template&quot;:&quot;grid&quot;}\"\n\t\tdata-paged=\"1\"\n\t\tdata-paging-id=\"bad24c91a795\"\n\t\tdata-total-pages=\"1\"\n\t\tdata-hash=\"6c40763a\"\n\t>\n\t\t\n\t\t\t\t\t\t\t<div class=\"sow-blog-posts\">\n\t\t\t\t<article id=\"post-1100\" class=\"post-1100 post type-post status-publish format-standard has-post-thumbnail hentry category-featured category-leros post-with-thumbnail post-with-thumbnail-none\" style=\"margin: 0 0 30px;\">\n\t\t\t\t\t<div class=\"sow-entry-thumbnail\">\n\t\t\t\t\t\t\t\t\t\t<a href=\"https:\/\/gpv-aschheim.de\/?p=1100\">\n\t\t\t\t\t\t<img loading=\"lazy\" decoding=\"async\" width=\"720\" height=\"440\" src=\"https:\/\/gpv-aschheim.de\/wp-content\/uploads\/2023\/09\/Gruppenfoto1.jpg\" class=\"attachment-full size-full wp-post-image\" alt=\"\" \/>\t\t\t\t\t<\/a>\n\t\t\t\t<\/div>\n\t\t\t\t\t\t\t<div class=\"sow-blog-content-wrapper\"\n\t\t style=\"padding: 25px 30px 33px;\">\n\t\t\t\t<header class=\"sow-entry-header\">\n\t\t\t<h2 class=\"sow-entry-title\" style=\"margin: 0 0 5px;\"><a href=\"https:\/\/gpv-aschheim.de\/?p=1100\" rel=\"bookmark\">Komiteereise 2023 nach Leros<\/a><\/h2>\t\t\t<div class=\"sow-entry-meta\">\n\t\t\t\t\t\t\t<span class=\"sow-entry-date\">\n\t\t\t\t<a href=\"https:\/\/gpv-aschheim.de\/?p=1100\" rel=\"bookmark\">\n\t\t\t\t\t<time class=\"published\" datetime=\"2023-09-10T12:20:00+00:00\">\n\t\t\t\t\t\tSeptember 10, 2023\t\t\t\t\t<\/time>\n\t\t\t\t\t<time class=\"updated\" datetime=\"2024-01-06T15:14:44+00:00\">\n\t\t\t\t\t\tJanuar 6, 2024\t\t\t\t\t<\/time>\n\t\t\t\t<\/a>\n\t\t\t<\/span>\n\t\t\n\t\t\n\t\t\n\t\t\t\t\t<\/div>\n\t\t<\/header>\n\n\t\t\t\t\t<div\n\t\t\t\tclass=\"sow-entry-content\"\n\t\t\t\tstyle=\"margin-top: 20px;\"\n\t\t\t>\n\t\t\t\t<p>29.08. &#8211; 05.09.2023 \u2192 Wir waren wieder mal \u00fcberw\u00e4ltigt von der Gastfreundschaft und Herzlichkeit der Inselbewohner! So ist es uns Komitee-Mitgliedern ergangen, als wir jetzt nach vielen Jahren endlich eine Komiteereise nach Leros unternommen haben.Wen haben wir alles getroffen: Altb\u00fcrgermeister Antartis, Fam. Karanikola vom Hotel Marilen, Metropolit Paisios und Bischof&#8230;<\/p>\t\t\t<\/div>\n\t\t\t\t<\/div>\n<\/article>\n<article id=\"post-1069\" class=\"post-1069 post type-post status-publish format-standard has-post-thumbnail hentry category-leros post-with-thumbnail post-with-thumbnail-none\" style=\"margin: 0 0 30px;\">\n\t\t\t\t\t<div class=\"sow-entry-thumbnail\">\n\t\t\t\t\t\t\t\t\t\t<a href=\"https:\/\/gpv-aschheim.de\/?p=1069\">\n\t\t\t\t\t\t<img loading=\"lazy\" decoding=\"async\" width=\"720\" height=\"440\" src=\"https:\/\/gpv-aschheim.de\/wp-content\/uploads\/2023\/12\/Artemis_Jugend1.jpg\" class=\"attachment-full size-full wp-post-image\" alt=\"\" \/>\t\t\t\t\t<\/a>\n\t\t\t\t<\/div>\n\t\t\t\t\t\t\t<div class=\"sow-blog-content-wrapper\"\n\t\t style=\"padding: 25px 30px 33px;\">\n\t\t\t\t<header class=\"sow-entry-header\">\n\t\t\t<h2 class=\"sow-entry-title\" style=\"margin: 0 0 5px;\"><a href=\"https:\/\/gpv-aschheim.de\/?p=1069\" rel=\"bookmark\">\u201eArtemis\u201c-Jugendliche und 23 Jahre Gemeindepartnerschaft mit LerosArtemis<\/a><\/h2>\t\t\t<div class=\"sow-entry-meta\">\n\t\t\t\t\t\t\t<span class=\"sow-entry-date\">\n\t\t\t\t<a href=\"https:\/\/gpv-aschheim.de\/?p=1069\" rel=\"bookmark\">\n\t\t\t\t\t<time class=\"published\" datetime=\"2023-06-30T11:07:00+00:00\">\n\t\t\t\t\t\tJuni 30, 2023\t\t\t\t\t<\/time>\n\t\t\t\t\t<time class=\"updated\" datetime=\"2023-12-31T11:11:09+00:00\">\n\t\t\t\t\t\tDezember 31, 2023\t\t\t\t\t<\/time>\n\t\t\t\t<\/a>\n\t\t\t<\/span>\n\t\t\n\t\t\n\t\t\n\t\t\t\t\t<\/div>\n\t\t<\/header>\n\n\t\t\t\t\t<div\n\t\t\t\tclass=\"sow-entry-content\"\n\t\t\t\tstyle=\"margin-top: 20px;\"\n\t\t\t>\n\t\t\t\t<p>21. &#8211; 28.06.2023 \u2192 Im Juli 2019 war es das letzte Mal, dass Jugendliche des Kulturvereins \u201eArtemis\u201c bei uns in Aschheim zu Besuch waren. Umso mehr hat es uns gefreut, dass nach dieser langen Zeit endlich wieder etwas los war im Partnerschaftshaus und der Ruf \u201epame\u201c (pack ma\u2019s) durchs Haus&#8230;<\/p>\t\t\t<\/div>\n\t\t\t\t<\/div>\n<\/article>\n<article id=\"post-491\" class=\"post-491 post type-post status-publish format-standard has-post-thumbnail hentry category-leros post-with-thumbnail post-with-thumbnail-none\" style=\"margin: 0 0 30px;\">\n\t\t\t\t\t<div class=\"sow-entry-thumbnail\">\n\t\t\t\t\t\t\t\t\t\t<a href=\"https:\/\/gpv-aschheim.de\/?p=491\">\n\t\t\t\t\t\t<img loading=\"lazy\" decoding=\"async\" width=\"720\" height=\"440\" src=\"https:\/\/gpv-aschheim.de\/wp-content\/uploads\/2023\/12\/Spendenaktion_Artemis1.jpg\" class=\"attachment-full size-full wp-post-image\" alt=\"\" \/>\t\t\t\t\t<\/a>\n\t\t\t\t<\/div>\n\t\t\t\t\t\t\t<div class=\"sow-blog-content-wrapper\"\n\t\t style=\"padding: 25px 30px 33px;\">\n\t\t\t\t<header class=\"sow-entry-header\">\n\t\t\t<h2 class=\"sow-entry-title\" style=\"margin: 0 0 5px;\"><a href=\"https:\/\/gpv-aschheim.de\/?p=491\" rel=\"bookmark\">Spendenaktion zugunsten \u201eFrauen ohne Grenzen\u201c, Leros<\/a><\/h2>\t\t\t<div class=\"sow-entry-meta\">\n\t\t\t\t\t\t\t<span class=\"sow-entry-date\">\n\t\t\t\t<a href=\"https:\/\/gpv-aschheim.de\/?p=491\" rel=\"bookmark\">\n\t\t\t\t\t<time class=\"published\" datetime=\"2022-12-20T06:18:00+00:00\">\n\t\t\t\t\t\tDezember 20, 2022\t\t\t\t\t<\/time>\n\t\t\t\t\t<time class=\"updated\" datetime=\"2023-12-31T11:00:25+00:00\">\n\t\t\t\t\t\tDezember 31, 2023\t\t\t\t\t<\/time>\n\t\t\t\t<\/a>\n\t\t\t<\/span>\n\t\t\n\t\t\n\t\t\n\t\t\t\t\t<\/div>\n\t\t<\/header>\n\n\t\t\t\t\t<div\n\t\t\t\tclass=\"sow-entry-content\"\n\t\t\t\tstyle=\"margin-top: 20px;\"\n\t\t\t>\n\t\t\t\t<p>Nov.\/Dez. 2022 \u2192 Mit dem Verkauf von Honig, Gew\u00fcrzen und Tees aus Leros, sowie Bergtee, Oliven\u00f6lseifen und Oliven\u00f6l aus Griechenland an drei Mittwochen haben wir heuer den gemeinn\u00fctzigen Verein \u201eFrauen ohne Grenzen\u201c auf Leros unterst\u00fctzt. Die \u201eFrauen ohne Grenzen\u201c<\/p>\t\t\t<\/div>\n\t\t\t\t<\/div>\n<\/article>\n<article id=\"post-496\" class=\"post-496 post type-post status-publish format-standard has-post-thumbnail hentry category-leros post-with-thumbnail post-with-thumbnail-none\" style=\"margin: 0 0 30px;\">\n\t\t\t\t\t<div class=\"sow-entry-thumbnail\">\n\t\t\t\t\t\t\t\t\t\t<a href=\"https:\/\/gpv-aschheim.de\/?p=496\">\n\t\t\t\t\t\t<img loading=\"lazy\" decoding=\"async\" width=\"720\" height=\"440\" src=\"https:\/\/gpv-aschheim.de\/wp-content\/uploads\/2023\/12\/Feuerwehr_Uebergabe.jpg\" class=\"attachment-full size-full wp-post-image\" alt=\"\" \/>\t\t\t\t\t<\/a>\n\t\t\t\t<\/div>\n\t\t\t\t\t\t\t<div class=\"sow-blog-content-wrapper\"\n\t\t style=\"padding: 25px 30px 33px;\">\n\t\t\t\t<header class=\"sow-entry-header\">\n\t\t\t<h2 class=\"sow-entry-title\" style=\"margin: 0 0 5px;\"><a href=\"https:\/\/gpv-aschheim.de\/?p=496\" rel=\"bookmark\">Leros bekommt ein Dornacher Feuerwehrauto!<\/a><\/h2>\t\t\t<div class=\"sow-entry-meta\">\n\t\t\t\t\t\t\t<span class=\"sow-entry-date\">\n\t\t\t\t<a href=\"https:\/\/gpv-aschheim.de\/?p=496\" rel=\"bookmark\">\n\t\t\t\t\t<time class=\"published\" datetime=\"2022-11-24T06:22:00+00:00\">\n\t\t\t\t\t\tNovember 24, 2022\t\t\t\t\t<\/time>\n\t\t\t\t\t<time class=\"updated\" datetime=\"2023-12-31T10:59:36+00:00\">\n\t\t\t\t\t\tDezember 31, 2023\t\t\t\t\t<\/time>\n\t\t\t\t<\/a>\n\t\t\t<\/span>\n\t\t\n\t\t\n\t\t\n\t\t\t\t\t<\/div>\n\t\t<\/header>\n\n\t\t\t\t\t<div\n\t\t\t\tclass=\"sow-entry-content\"\n\t\t\t\tstyle=\"margin-top: 20px;\"\n\t\t\t>\n\t\t\t\t<p>30.10. &#8211; 05.11.2022 \u2192 Kurzfristig haben wir vom Besuch zweier Leroten, Michalis und Manolis, erfahren, die gekommen waren, um das der Gemeinde Leros gespendete Feuerwehrauto \u201eFlorian Dornach 40\/2\u201c abzuholen. Die Besucher wurden von der Gemeinde Aschheim und<\/p>\t\t\t<\/div>\n\t\t\t\t<\/div>\n<\/article>\n<article id=\"post-494\" class=\"post-494 post type-post status-publish format-standard has-post-thumbnail hentry category-leros post-with-thumbnail post-with-thumbnail-none\" style=\"margin: 0 0 30px;\">\n\t\t\t\t\t<div class=\"sow-entry-thumbnail\">\n\t\t\t\t\t\t\t\t\t\t<a href=\"https:\/\/gpv-aschheim.de\/?p=494\">\n\t\t\t\t\t\t<img loading=\"lazy\" decoding=\"async\" width=\"360\" height=\"480\" src=\"https:\/\/gpv-aschheim.de\/wp-content\/uploads\/2023\/12\/Reisebericht_Schafflerwirt1.jpg\" class=\"attachment-full size-full wp-post-image\" alt=\"\" \/>\t\t\t\t\t<\/a>\n\t\t\t\t<\/div>\n\t\t\t\t\t\t\t<div class=\"sow-blog-content-wrapper\"\n\t\t style=\"padding: 25px 30px 33px;\">\n\t\t\t\t<header class=\"sow-entry-header\">\n\t\t\t<h2 class=\"sow-entry-title\" style=\"margin: 0 0 5px;\"><a href=\"https:\/\/gpv-aschheim.de\/?p=494\" rel=\"bookmark\">Reisebericht zweier Aschheimer Familien nach Leros<\/a><\/h2>\t\t\t<div class=\"sow-entry-meta\">\n\t\t\t\t\t\t\t<span class=\"sow-entry-date\">\n\t\t\t\t<a href=\"https:\/\/gpv-aschheim.de\/?p=494\" rel=\"bookmark\">\n\t\t\t\t\t<time class=\"published\" datetime=\"2022-09-24T06:20:00+00:00\">\n\t\t\t\t\t\tSeptember 24, 2022\t\t\t\t\t<\/time>\n\t\t\t\t\t<time class=\"updated\" datetime=\"2023-12-31T11:20:29+00:00\">\n\t\t\t\t\t\tDezember 31, 2023\t\t\t\t\t<\/time>\n\t\t\t\t<\/a>\n\t\t\t<\/span>\n\t\t\n\t\t\n\t\t\n\t\t\t\t\t<\/div>\n\t\t<\/header>\n\n\t\t\t\t\t<div\n\t\t\t\tclass=\"sow-entry-content\"\n\t\t\t\tstyle=\"margin-top: 20px;\"\n\t\t\t>\n\t\t\t\t<p>Sommer 22 \u2192 Nach einer gut halbt\u00e4gigen Anreise \u00fcber Kos, erreichten wir die Insel Leros und wurden bei Lena im Hotel Marilen sehr gut untergebracht. Nat\u00fcrlich besuchten wir alle Str\u00e4nde, die Leros zu bieten hat und fanden den f\u00fcr uns am sch\u00f6nsten: Dio Liskaria.<\/p>\t\t\t<\/div>\n\t\t\t\t<\/div>\n<\/article>\n<article id=\"post-501\" class=\"post-501 post type-post status-publish format-standard has-post-thumbnail hentry category-leros post-with-thumbnail post-with-thumbnail-none\" style=\"margin: 0 0 30px;\">\n\t\t\t\t\t<div class=\"sow-entry-thumbnail\">\n\t\t\t\t\t\t\t\t\t\t<a href=\"https:\/\/gpv-aschheim.de\/?p=501\">\n\t\t\t\t\t\t<img loading=\"lazy\" decoding=\"async\" width=\"720\" height=\"440\" src=\"https:\/\/gpv-aschheim.de\/wp-content\/uploads\/2023\/12\/Schaffler1.jpg\" class=\"attachment-full size-full wp-post-image\" alt=\"\" \/>\t\t\t\t\t<\/a>\n\t\t\t\t<\/div>\n\t\t\t\t\t\t\t<div class=\"sow-blog-content-wrapper\"\n\t\t style=\"padding: 25px 30px 33px;\">\n\t\t\t\t<header class=\"sow-entry-header\">\n\t\t\t<h2 class=\"sow-entry-title\" style=\"margin: 0 0 5px;\"><a href=\"https:\/\/gpv-aschheim.de\/?p=501\" rel=\"bookmark\">4 Tage Jubil\u00e4umsfeierlichkeiten und bayrische Traditionen &#8211; \u201eArtemis\u201c war dabei!<\/a><\/h2>\t\t\t<div class=\"sow-entry-meta\">\n\t\t\t\t\t\t\t<span class=\"sow-entry-date\">\n\t\t\t\t<a href=\"https:\/\/gpv-aschheim.de\/?p=501\" rel=\"bookmark\">\n\t\t\t\t\t<time class=\"published\" datetime=\"2022-06-01T06:26:00+00:00\">\n\t\t\t\t\t\tJuni 1, 2022\t\t\t\t\t<\/time>\n\t\t\t\t\t<time class=\"updated\" datetime=\"2023-12-31T10:57:25+00:00\">\n\t\t\t\t\t\tDezember 31, 2023\t\t\t\t\t<\/time>\n\t\t\t\t<\/a>\n\t\t\t<\/span>\n\t\t\n\t\t\n\t\t\n\t\t\t\t\t<\/div>\n\t\t<\/header>\n\n\t\t\t\t\t<div\n\t\t\t\tclass=\"sow-entry-content\"\n\t\t\t\tstyle=\"margin-top: 20px;\"\n\t\t\t>\n\t\t\t\t<p>25.-31.05.2022 \u2192 Nach zwei langen Jahren war es endlich wieder m\u00f6glich, Besucher aus den Partnergemeinden zu empfangen. Neben dem tschechischen Blasorchester Ol\u0161ov\u011bnka reiste auch eine Tanzgruppe des Folklore-<\/p>\t\t\t<\/div>\n\t\t\t\t<\/div>\n<\/article>\n\t\t\t<\/div>\n\t\t\t\t\t\t\t\t<\/div>\n\t<\/div><\/div><\/div><\/div><\/div>","protected":false},"excerpt":{"rendered":"","protected":false},"author":1,"featured_media":0,"parent":37,"menu_order":1,"comment_status":"closed","ping_status":"closed","template":"home-panels.php","meta":{"footnotes":""},"class_list":["post-53","page","type-page","status-publish","hentry","post"],"_links":{"self":[{"href":"https:\/\/gpv-aschheim.de\/index.php?rest_route=\/wp\/v2\/pages\/53","targetHints":{"allow":["GET"]}}],"collection":[{"href":"https:\/\/gpv-aschheim.de\/index.php?rest_route=\/wp\/v2\/pages"}],"about":[{"href":"https:\/\/gpv-aschheim.de\/index.php?rest_route=\/wp\/v2\/types\/page"}],"author":[{"embeddable":true,"href":"https:\/\/gpv-aschheim.de\/index.php?rest_route=\/wp\/v2\/users\/1"}],"replies":[{"embeddable":true,"href":"https:\/\/gpv-aschheim.de\/index.php?rest_route=%2Fwp%2Fv2%2Fcomments&post=53"}],"version-history":[{"count":19,"href":"https:\/\/gpv-aschheim.de\/index.php?rest_route=\/wp\/v2\/pages\/53\/revisions"}],"predecessor-version":[{"id":929,"href":"https:\/\/gpv-aschheim.de\/index.php?rest_route=\/wp\/v2\/pages\/53\/revisions\/929"}],"up":[{"embeddable":true,"href":"https:\/\/gpv-aschheim.de\/index.php?rest_route=\/wp\/v2\/pages\/37"}],"wp:attachment":[{"href":"https:\/\/gpv-aschheim.de\/index.php?rest_route=%2Fwp%2Fv2%2Fmedia&parent=53"}],"curies":[{"name":"wp","href":"https:\/\/api.w.org\/{rel}","templated":true}]}}