{"id":548,"date":"2023-05-27T11:24:09","date_gmt":"2023-05-27T11:24:09","guid":{"rendered":"https:\/\/gpv-aschheim.de\/?page_id=548"},"modified":"2023-12-31T11:25:13","modified_gmt":"2023-12-31T11:25:13","slug":"veranstaltungen-liegau-ausgustusbad","status":"publish","type":"page","link":"https:\/\/gpv-aschheim.de\/?page_id=548","title":{"rendered":"Aktivit\u00e4ten Liegau-Augustusbad"},"content":{"rendered":"<div id=\"pl-gb548-69f735dfaef7b\"  class=\"panel-layout\" ><div id=\"pg-gb548-69f735dfaef7b-0\"  class=\"panel-grid panel-no-style\" ><div id=\"pgc-gb548-69f735dfaef7b-0-0\"  class=\"panel-grid-cell\" ><div id=\"panel-gb548-69f735dfaef7b-0-0-0\" class=\"so-panel widget widget_sow-headline panel-first-child panel-last-child\" data-index=\"0\" ><div class=\"headline-gallery panel-widget-style panel-widget-style-for-gb548-69f735dfaef7b-0-0-0\" ><div\n\t\t\t\n\t\t\tclass=\"so-widget-sow-headline so-widget-sow-headline-default-a12b1aa895d7-548 so-widget-fittext-wrapper\"\n\t\t\t data-fit-text-compressor=\"0.85\"\n\t\t><div class=\"sow-headline-container \">\n\t\t\t\t\t\t\t<h2 class=\"sow-headline\">\n\t\t\t\t\t\tUnsere sch\u00f6nsten Erinnerungen\t\t\t\t\t\t<\/h2>\n\t\t\t\t\t\t\t\t\t\t\t<div class=\"decoration\">\n\t\t\t\t\t\t<div class=\"decoration-inside\"><\/div>\n\t\t\t\t\t<\/div>\n\t\t\t\t\t\t\t\t\t\t\t<h5 class=\"sow-sub-headline\">\n\t\t\t\t\t\tUnsere Partnerschaften leben von den gegenseitigen Besuchen, lesen Sie hier von unseren gemeinsamen Aktivit\u00e4ten\t\t\t\t\t\t<\/h5>\n\t\t\t\t\t\t<\/div>\n<\/div><\/div><\/div><\/div><\/div><div id=\"pg-gb548-69f735dfaef7b-1\"  class=\"panel-grid panel-no-style\" ><div id=\"pgc-gb548-69f735dfaef7b-1-0\"  class=\"panel-grid-cell\" ><div id=\"panel-gb548-69f735dfaef7b-1-0-0\" class=\"so-panel widget widget_sow-blog panel-first-child panel-last-child\" data-index=\"1\" ><div\n\t\t\t\n\t\t\tclass=\"so-widget-sow-blog so-widget-sow-blog-grid-bad24c91a795-548\"\n\t\t\t\n\t\t>\t\t<div\n\t\tclass=\"sow-blog sow-blog-layout-grid\"\n\t\tdata-template=\"grid\"\n\t\tdata-settings=\"{&quot;columns&quot;:3,&quot;featured_image&quot;:true,&quot;featured_image_size&quot;:&quot;full&quot;,&quot;featured_image_size_width&quot;:&quot;&quot;,&quot;featured_image_size_height&quot;:&quot;&quot;,&quot;tag&quot;:&quot;h2&quot;,&quot;content&quot;:&quot;excerpt&quot;,&quot;excerpt_length&quot;:50,&quot;date&quot;:true,&quot;filter_categories&quot;:false,&quot;so_field_container_state&quot;:&quot;open&quot;,&quot;read_more&quot;:false,&quot;author&quot;:false,&quot;categories&quot;:false,&quot;tags&quot;:false,&quot;comment_count&quot;:false,&quot;featured_image_empty&quot;:true,&quot;trim_manual_excerpt&quot;:&quot;&quot;,&quot;template&quot;:&quot;grid&quot;}\"\n\t\tdata-paged=\"1\"\n\t\tdata-paging-id=\"bad24c91a795\"\n\t\tdata-total-pages=\"1\"\n\t\tdata-hash=\"e861068e\"\n\t>\n\t\t\n\t\t\t\t\t\t\t<div class=\"sow-blog-posts\">\n\t\t\t\t<article id=\"post-746\" class=\"post-746 post type-post status-publish format-standard has-post-thumbnail hentry category-featured category-liegau-augustusbad post-with-thumbnail post-with-thumbnail-none\" style=\"margin: 0 0 30px;\">\n\t\t\t\t\t<div class=\"sow-entry-thumbnail\">\n\t\t\t\t\t\t\t\t\t\t<a href=\"https:\/\/gpv-aschheim.de\/?p=746\">\n\t\t\t\t\t\t<img loading=\"lazy\" decoding=\"async\" width=\"720\" height=\"440\" src=\"https:\/\/gpv-aschheim.de\/wp-content\/uploads\/2023\/08\/IMG-20230708-WA0017-720x440-1.jpg\" class=\"attachment-full size-full wp-post-image\" alt=\"\" \/>\t\t\t\t\t<\/a>\n\t\t\t\t<\/div>\n\t\t\t\t\t\t\t<div class=\"sow-blog-content-wrapper\"\n\t\t style=\"padding: 25px 30px 33px;\">\n\t\t\t\t<header class=\"sow-entry-header\">\n\t\t\t<h2 class=\"sow-entry-title\" style=\"margin: 0 0 5px;\"><a href=\"https:\/\/gpv-aschheim.de\/?p=746\" rel=\"bookmark\">Fu\u00dfballfreundschaft FC Aschheim und SV Liegau-Augustusbad im dritten Jahrzehnt &#8211; E-Jugend nimmt am Turnier in Aschheim teil.<\/a><\/h2>\t\t\t<div class=\"sow-entry-meta\">\n\t\t\t\t\t\t\t<span class=\"sow-entry-date\">\n\t\t\t\t<a href=\"https:\/\/gpv-aschheim.de\/?p=746\" rel=\"bookmark\">\n\t\t\t\t\t<time class=\"published\" datetime=\"2023-08-06T13:47:54+00:00\">\n\t\t\t\t\t\tAugust 6, 2023\t\t\t\t\t<\/time>\n\t\t\t\t\t<time class=\"updated\" datetime=\"2023-08-06T14:16:01+00:00\">\n\t\t\t\t\t\tAugust 6, 2023\t\t\t\t\t<\/time>\n\t\t\t\t<\/a>\n\t\t\t<\/span>\n\t\t\n\t\t\n\t\t\n\t\t\t\t\t<\/div>\n\t\t<\/header>\n\n\t\t\t\t\t<div\n\t\t\t\tclass=\"sow-entry-content\"\n\t\t\t\tstyle=\"margin-top: 20px;\"\n\t\t\t>\n\t\t\t\t<p>Juli 2023 \u2192 Am Wochenende, vom 07. bis 09. Juli 2023, stand f\u00fcr E-Jugend die Fahrt zum Sommerturnier des FC Aschheim an. Voller Erwartung kam der Liegauer Tross, trotz der zu erwartenden<\/p>\t\t\t<\/div>\n\t\t\t\t<\/div>\n<\/article>\n<article id=\"post-1026\" class=\"post-1026 post type-post status-publish format-standard has-post-thumbnail hentry category-liegau-augustusbad post-with-thumbnail post-with-thumbnail-none\" style=\"margin: 0 0 30px;\">\n\t\t\t\t\t<div class=\"sow-entry-thumbnail\">\n\t\t\t\t\t\t\t\t\t\t<a href=\"https:\/\/gpv-aschheim.de\/?p=1026\">\n\t\t\t\t\t\t<img loading=\"lazy\" decoding=\"async\" width=\"720\" height=\"440\" src=\"https:\/\/gpv-aschheim.de\/wp-content\/uploads\/2023\/12\/FCA_2022.jpg\" class=\"attachment-full size-full wp-post-image\" alt=\"\" \/>\t\t\t\t\t<\/a>\n\t\t\t\t<\/div>\n\t\t\t\t\t\t\t<div class=\"sow-blog-content-wrapper\"\n\t\t style=\"padding: 25px 30px 33px;\">\n\t\t\t\t<header class=\"sow-entry-header\">\n\t\t\t<h2 class=\"sow-entry-title\" style=\"margin: 0 0 5px;\"><a href=\"https:\/\/gpv-aschheim.de\/?p=1026\" rel=\"bookmark\">Endlich wieder ein FCA-Turnier<\/a><\/h2>\t\t\t<div class=\"sow-entry-meta\">\n\t\t\t\t\t\t\t<span class=\"sow-entry-date\">\n\t\t\t\t<a href=\"https:\/\/gpv-aschheim.de\/?p=1026\" rel=\"bookmark\">\n\t\t\t\t\t<time class=\"published\" datetime=\"2022-07-29T10:27:00+00:00\">\n\t\t\t\t\t\tJuli 29, 2022\t\t\t\t\t<\/time>\n\t\t\t\t\t<time class=\"updated\" datetime=\"2023-12-29T10:28:31+00:00\">\n\t\t\t\t\t\tDezember 29, 2023\t\t\t\t\t<\/time>\n\t\t\t\t<\/a>\n\t\t\t<\/span>\n\t\t\n\t\t\n\t\t\n\t\t\t\t\t<\/div>\n\t\t<\/header>\n\n\t\t\t\t\t<div\n\t\t\t\tclass=\"sow-entry-content\"\n\t\t\t\tstyle=\"margin-top: 20px;\"\n\t\t\t>\n\t\t\t\t<p>Juli 2022 \u2192 Coronabedingt konnten die Fu\u00dfballer vom SV Liegau-Augustusbad erst in diesem Jahr wieder am FCA Jugendturnier teilnehmen. Gegen Mittag am 9. Juli 2022 trafen die Jugendmannschaft, denTrainer, die Eltern sowie der Vorstand vom SV Liegau-Augustusbad ein.<\/p>\t\t\t<\/div>\n\t\t\t\t<\/div>\n<\/article>\n<article id=\"post-1020\" class=\"post-1020 post type-post status-publish format-standard has-post-thumbnail hentry category-liegau-augustusbad post-with-thumbnail post-with-thumbnail-none\" style=\"margin: 0 0 30px;\">\n\t\t\t\t\t<div class=\"sow-entry-thumbnail\">\n\t\t\t\t\t\t\t\t\t\t<a href=\"https:\/\/gpv-aschheim.de\/?p=1020\">\n\t\t\t\t\t\t<img loading=\"lazy\" decoding=\"async\" width=\"720\" height=\"440\" src=\"https:\/\/gpv-aschheim.de\/wp-content\/uploads\/2023\/12\/Gruppenfoto1.jpg\" class=\"attachment-full size-full wp-post-image\" alt=\"\" \/>\t\t\t\t\t<\/a>\n\t\t\t\t<\/div>\n\t\t\t\t\t\t\t<div class=\"sow-blog-content-wrapper\"\n\t\t style=\"padding: 25px 30px 33px;\">\n\t\t\t\t<header class=\"sow-entry-header\">\n\t\t\t<h2 class=\"sow-entry-title\" style=\"margin: 0 0 5px;\"><a href=\"https:\/\/gpv-aschheim.de\/?p=1020\" rel=\"bookmark\">70 Jahre SV Ligau-Augustusbad<\/a><\/h2>\t\t\t<div class=\"sow-entry-meta\">\n\t\t\t\t\t\t\t<span class=\"sow-entry-date\">\n\t\t\t\t<a href=\"https:\/\/gpv-aschheim.de\/?p=1020\" rel=\"bookmark\">\n\t\t\t\t\t<time class=\"published\" datetime=\"2022-05-29T10:12:00+00:00\">\n\t\t\t\t\t\tMai 29, 2022\t\t\t\t\t<\/time>\n\t\t\t\t\t<time class=\"updated\" datetime=\"2023-12-29T10:14:06+00:00\">\n\t\t\t\t\t\tDezember 29, 2023\t\t\t\t\t<\/time>\n\t\t\t\t<\/a>\n\t\t\t<\/span>\n\t\t\n\t\t\n\t\t\n\t\t\t\t\t<\/div>\n\t\t<\/header>\n\n\t\t\t\t\t<div\n\t\t\t\tclass=\"sow-entry-content\"\n\t\t\t\tstyle=\"margin-top: 20px;\"\n\t\t\t>\n\t\t\t\t<p>Mai 2022 \u2192 Anl\u00e4sslich des runden Geburtstags von 70 Jahre Fu\u00dfball fuhr eine Delegation nach Liegau-Augustusbad vom 20.-22. Mai 2022. Am Freitagnachmittag wurde zuerst die Bastei und anschlie\u00dfend die Altstadt von Pirna besichtigt.<\/p>\t\t\t<\/div>\n\t\t\t\t<\/div>\n<\/article>\n<article id=\"post-1045\" class=\"post-1045 post type-post status-publish format-standard has-post-thumbnail hentry category-liegau-augustusbad post-with-thumbnail post-with-thumbnail-none\" style=\"margin: 0 0 30px;\">\n\t\t\t\t\t<div class=\"sow-entry-thumbnail\">\n\t\t\t\t\t\t\t\t\t\t<a href=\"https:\/\/gpv-aschheim.de\/?p=1045\">\n\t\t\t\t\t\t<img loading=\"lazy\" decoding=\"async\" width=\"360\" height=\"480\" src=\"https:\/\/gpv-aschheim.de\/wp-content\/uploads\/2023\/12\/Teichfest_2021_23.jpg\" class=\"attachment-full size-full wp-post-image\" alt=\"\" \/>\t\t\t\t\t<\/a>\n\t\t\t\t<\/div>\n\t\t\t\t\t\t\t<div class=\"sow-blog-content-wrapper\"\n\t\t style=\"padding: 25px 30px 33px;\">\n\t\t\t\t<header class=\"sow-entry-header\">\n\t\t\t<h2 class=\"sow-entry-title\" style=\"margin: 0 0 5px;\"><a href=\"https:\/\/gpv-aschheim.de\/?p=1045\" rel=\"bookmark\">Besuch in Liegau-Augustusbad zum Teichfest 2021<\/a><\/h2>\t\t\t<div class=\"sow-entry-meta\">\n\t\t\t\t\t\t\t<span class=\"sow-entry-date\">\n\t\t\t\t<a href=\"https:\/\/gpv-aschheim.de\/?p=1045\" rel=\"bookmark\">\n\t\t\t\t\t<time class=\"published\" datetime=\"2021-08-30T11:10:00+00:00\">\n\t\t\t\t\t\tAugust 30, 2021\t\t\t\t\t<\/time>\n\t\t\t\t\t<time class=\"updated\" datetime=\"2023-12-30T11:12:05+00:00\">\n\t\t\t\t\t\tDezember 30, 2023\t\t\t\t\t<\/time>\n\t\t\t\t<\/a>\n\t\t\t<\/span>\n\t\t\n\t\t\n\t\t\n\t\t\t\t\t<\/div>\n\t\t<\/header>\n\n\t\t\t\t\t<div\n\t\t\t\tclass=\"sow-entry-content\"\n\t\t\t\tstyle=\"margin-top: 20px;\"\n\t\t\t>\n\t\t\t\t<p>August 2021 \u2192 Das Komitee Liegau-Augustusbad hat die erste Reise mit dem neuen GPV-Bus incl. Logo, welcher durch die Gemeinde Aschheim gespendet wurde, durchgef\u00fchrt.<\/p>\t\t\t<\/div>\n\t\t\t\t<\/div>\n<\/article>\n<article id=\"post-1039\" class=\"post-1039 post type-post status-publish format-standard has-post-thumbnail hentry category-liegau-augustusbad post-with-thumbnail post-with-thumbnail-none\" style=\"margin: 0 0 30px;\">\n\t\t\t\t\t<div class=\"sow-entry-thumbnail\">\n\t\t\t\t\t\t\t\t\t\t<a href=\"https:\/\/gpv-aschheim.de\/?p=1039\">\n\t\t\t\t\t\t<img loading=\"lazy\" decoding=\"async\" width=\"720\" height=\"440\" src=\"https:\/\/gpv-aschheim.de\/wp-content\/uploads\/2023\/12\/Kuehnapfel_Alex1.jpg\" class=\"attachment-full size-full wp-post-image\" alt=\"\" \/>\t\t\t\t\t<\/a>\n\t\t\t\t<\/div>\n\t\t\t\t\t\t\t<div class=\"sow-blog-content-wrapper\"\n\t\t style=\"padding: 25px 30px 33px;\">\n\t\t\t\t<header class=\"sow-entry-header\">\n\t\t\t<h2 class=\"sow-entry-title\" style=\"margin: 0 0 5px;\"><a href=\"https:\/\/gpv-aschheim.de\/?p=1039\" rel=\"bookmark\">Verabschiedung Gabor K\u00fchnapfel<\/a><\/h2>\t\t\t<div class=\"sow-entry-meta\">\n\t\t\t\t\t\t\t<span class=\"sow-entry-date\">\n\t\t\t\t<a href=\"https:\/\/gpv-aschheim.de\/?p=1039\" rel=\"bookmark\">\n\t\t\t\t\t<time class=\"published\" datetime=\"2021-07-30T10:19:00+00:00\">\n\t\t\t\t\t\tJuli 30, 2021\t\t\t\t\t<\/time>\n\t\t\t\t\t<time class=\"updated\" datetime=\"2023-12-30T10:20:42+00:00\">\n\t\t\t\t\t\tDezember 30, 2023\t\t\t\t\t<\/time>\n\t\t\t\t<\/a>\n\t\t\t<\/span>\n\t\t\n\t\t\n\t\t\n\t\t\t\t\t<\/div>\n\t\t<\/header>\n\n\t\t\t\t\t<div\n\t\t\t\tclass=\"sow-entry-content\"\n\t\t\t\tstyle=\"margin-top: 20px;\"\n\t\t\t>\n\t\t\t\t<p>Juli 2021 \u2192 Als \u00dcberraschungsg\u00e4ste fuhren Herr Achim J\u00e4nsch und Herr Alexander W\u00e4spy am Mittwoch, 21. Juli 2021 nach Liegau-Augustusbad, um den Ortsvorsteher (B\u00fcrgermeister) vom Ortsteil Liegau-Augustusbad der Stadt Radeberg zu verabschieden.<\/p>\t\t\t<\/div>\n\t\t\t\t<\/div>\n<\/article>\n\t\t\t<\/div>\n\t\t\t\t\t\t\t\t<\/div>\n\t<\/div><\/div><\/div><\/div><\/div>","protected":false},"excerpt":{"rendered":"","protected":false},"author":1,"featured_media":0,"parent":39,"menu_order":1,"comment_status":"closed","ping_status":"closed","template":"","meta":{"footnotes":""},"class_list":["post-548","page","type-page","status-publish","hentry","post"],"_links":{"self":[{"href":"https:\/\/gpv-aschheim.de\/index.php?rest_route=\/wp\/v2\/pages\/548","targetHints":{"allow":["GET"]}}],"collection":[{"href":"https:\/\/gpv-aschheim.de\/index.php?rest_route=\/wp\/v2\/pages"}],"about":[{"href":"https:\/\/gpv-aschheim.de\/index.php?rest_route=\/wp\/v2\/types\/page"}],"author":[{"embeddable":true,"href":"https:\/\/gpv-aschheim.de\/index.php?rest_route=\/wp\/v2\/users\/1"}],"replies":[{"embeddable":true,"href":"https:\/\/gpv-aschheim.de\/index.php?rest_route=%2Fwp%2Fv2%2Fcomments&post=548"}],"version-history":[{"count":7,"href":"https:\/\/gpv-aschheim.de\/index.php?rest_route=\/wp\/v2\/pages\/548\/revisions"}],"predecessor-version":[{"id":1201,"href":"https:\/\/gpv-aschheim.de\/index.php?rest_route=\/wp\/v2\/pages\/548\/revisions\/1201"}],"up":[{"embeddable":true,"href":"https:\/\/gpv-aschheim.de\/index.php?rest_route=\/wp\/v2\/pages\/39"}],"wp:attachment":[{"href":"https:\/\/gpv-aschheim.de\/index.php?rest_route=%2Fwp%2Fv2%2Fmedia&parent=548"}],"curies":[{"name":"wp","href":"https:\/\/api.w.org\/{rel}","templated":true}]}}