{"id":569,"date":"2023-05-27T11:31:36","date_gmt":"2023-05-27T11:31:36","guid":{"rendered":"https:\/\/gpv-aschheim.de\/?page_id=569"},"modified":"2026-04-14T15:47:40","modified_gmt":"2026-04-14T15:47:40","slug":"der-vorstand","status":"publish","type":"page","link":"https:\/\/gpv-aschheim.de\/?page_id=569","title":{"rendered":"Der Vorstand"},"content":{"rendered":"\n<h2 class=\"wp-block-heading\">Der aktuelle Vorstand<\/h2>\n\n\n\n<p>Am 16. M\u00e4rz 2026 wurde der aktuelle Vorstand gew\u00e4hlt:<\/p>\n\n\n\n<figure class=\"wp-block-table\"><table><tbody><tr><td>1. Vorsitzender<\/td><td>Dr. Wolfhard Pinkowski<\/td><\/tr><tr><td>2. Vorsitzende<\/td><td>Petra Melber<\/td><\/tr><tr><td>Schatzmeister<\/td><td>Lazaros Fourkiotis<\/td><\/tr><tr><td>Schriftf\u00fchrerin<\/td><td>Zeynep Mann<\/td><\/tr><tr><td><strong>Komiteesprecher:<\/strong><\/td><td><\/td><\/tr><tr><td>Jedovnice \/ Kotvrdovice<\/td><td>Christian Althof<\/td><\/tr><tr><td>Leros<\/td><td>Margit Felgner<\/td><\/tr><tr><td>Liegau-Augustusbad<\/td><td>Alexander W\u00e4spy<\/td><\/tr><tr><td>Mougins<\/td><td>Christine S\u00fc\u00dfbauer<\/td><\/tr><\/tbody><\/table><\/figure>\n\n\n\n<p>F\u00fcr Fragen und Anregungen stehen Ihnen die Mitglieder des Vorstandes gerne zur Verf\u00fcgung.<\/p>\n\n\n\n<figure class=\"wp-block-image size-full\"><img loading=\"lazy\" decoding=\"async\" width=\"1600\" height=\"1200\" src=\"https:\/\/gpv-aschheim.de\/wp-content\/uploads\/2026\/04\/IMG-20260319-WA0002-1-1.jpg\" alt=\"\" class=\"wp-image-1236\" srcset=\"https:\/\/gpv-aschheim.de\/wp-content\/uploads\/2026\/04\/IMG-20260319-WA0002-1-1.jpg 1600w, https:\/\/gpv-aschheim.de\/wp-content\/uploads\/2026\/04\/IMG-20260319-WA0002-1-1-800x600.jpg 800w, https:\/\/gpv-aschheim.de\/wp-content\/uploads\/2026\/04\/IMG-20260319-WA0002-1-1-768x576.jpg 768w, https:\/\/gpv-aschheim.de\/wp-content\/uploads\/2026\/04\/IMG-20260319-WA0002-1-1-1536x1152.jpg 1536w\" sizes=\"auto, (max-width: 1600px) 100vw, 1600px\" \/><\/figure>\n\n\n\n<p>V.l.n.r. Alexander W\u00e4spy, Petra Melber, Zeynep Mann, Christine S\u00fc\u00dfbauer, Dr. Wolfhard Pinkowski, <br>Margit Felgner, Lazaros Fourkiotis, 1. B\u00fcrgermeister Florian Meier (Christian Althof fehlt auf diesem Bild)<\/p>\n","protected":false},"excerpt":{"rendered":"<p>Der aktuelle Vorstand Am 16. M\u00e4rz 2026 wurde der aktuelle Vorstand gew\u00e4hlt: 1. Vorsitzender Dr. Wolfhard Pinkowski 2. Vorsitzende Petra Melber Schatzmeister Lazaros Fourkiotis Schriftf\u00fchrerin Zeynep Mann Komiteesprecher: Jedovnice \/ Kotvrdovice Christian Althof Leros Margit Felgner Liegau-Augustusbad Alexander W\u00e4spy Mougins Christine S\u00fc\u00dfbauer F\u00fcr Fragen und Anregungen stehen Ihnen die Mitglieder des Vorstandes gerne zur Verf\u00fcgung. [&hellip;]<\/p>\n","protected":false},"author":1,"featured_media":0,"parent":45,"menu_order":2,"comment_status":"closed","ping_status":"closed","template":"","meta":{"footnotes":""},"class_list":["post-569","page","type-page","status-publish","hentry","post"],"_links":{"self":[{"href":"https:\/\/gpv-aschheim.de\/index.php?rest_route=\/wp\/v2\/pages\/569","targetHints":{"allow":["GET"]}}],"collection":[{"href":"https:\/\/gpv-aschheim.de\/index.php?rest_route=\/wp\/v2\/pages"}],"about":[{"href":"https:\/\/gpv-aschheim.de\/index.php?rest_route=\/wp\/v2\/types\/page"}],"author":[{"embeddable":true,"href":"https:\/\/gpv-aschheim.de\/index.php?rest_route=\/wp\/v2\/users\/1"}],"replies":[{"embeddable":true,"href":"https:\/\/gpv-aschheim.de\/index.php?rest_route=%2Fwp%2Fv2%2Fcomments&post=569"}],"version-history":[{"count":11,"href":"https:\/\/gpv-aschheim.de\/index.php?rest_route=\/wp\/v2\/pages\/569\/revisions"}],"predecessor-version":[{"id":1241,"href":"https:\/\/gpv-aschheim.de\/index.php?rest_route=\/wp\/v2\/pages\/569\/revisions\/1241"}],"up":[{"embeddable":true,"href":"https:\/\/gpv-aschheim.de\/index.php?rest_route=\/wp\/v2\/pages\/45"}],"wp:attachment":[{"href":"https:\/\/gpv-aschheim.de\/index.php?rest_route=%2Fwp%2Fv2%2Fmedia&parent=569"}],"curies":[{"name":"wp","href":"https:\/\/api.w.org\/{rel}","templated":true}]}}