{"id":675,"date":"2023-08-06T11:33:06","date_gmt":"2023-08-06T11:33:06","guid":{"rendered":"https:\/\/gpv-aschheim.de\/?page_id=675"},"modified":"2024-01-01T21:16:43","modified_gmt":"2024-01-01T21:16:43","slug":"sehenwuerdigkeiten-l","status":"publish","type":"page","link":"https:\/\/gpv-aschheim.de\/?page_id=675","title":{"rendered":"Sehensw\u00fcrdigkeiten Leros"},"content":{"rendered":"\n<h3 class=\"wp-block-heading\"><strong>Leros Castle \/ Kastro mit Marienkapelle und Kirchenmuseum <\/strong><\/h3>\n\n\n\n<p>Imposante Johanniterburg oberhalb von Agia Marina, Platanos und Panteli. Erreichbar \u00fcber 400 Stufen von Platanos aus oder von Panteli aus \u00fcber die Stra\u00dfe. Phantastische Aussicht. Auf dem Gel\u00e4nde steht auch Kirche der Panagia, bekannt wegen seiner Marien-Ikone und Fresken aus dem 13. Jahrhundert. Nebenan ein Kirchenmuseum mit byzantinischen Ikonen, Priestergew\u00e4ndern, sakralen B\u00fcchern und anderen Kunstsch\u00e4tzen.<\/p>\n\n\n\n<figure class=\"wp-block-image size-full\"><img loading=\"lazy\" decoding=\"async\" width=\"720\" height=\"440\" src=\"https:\/\/gpv-aschheim.de\/wp-content\/uploads\/2024\/01\/Kastro.jpg\" alt=\"\" class=\"wp-image-1080\"\/><\/figure>\n\n\n\n<h3 class=\"wp-block-heading\"><strong>Lakki &#8211; Ort mit dem gr\u00f6\u00dften Naturhafen der \u00c4g\u00e4is. <\/strong><\/h3>\n\n\n\n<p>Wegen seiner gesch\u00fctzten Lage wurde Lakki (von den Italienern \u201ePorto Lago\u201c genannt) ab 1923 zum gr\u00f6\u00dften Marinest\u00fctzpunkt der italienischen Marine ausgebaut, mit neuen Geb\u00e4uden f\u00fcr die Offiziere der Garnison. Um dem Sumpfgebiet Wasser zu entziehen, pflanzte man viele Eukalyptusb\u00e4ume. Der Ort ist ein Beispiel italienischer rationalistischer und faschistischer Architektur, mit Bauhaus- und Art Deco-Elementen, breiten Stra\u00dfen, klaren geometrischen Formen, langen Fensterfronten ohne Verzierungen, \u2026 Die Kirche, die Schule, das Krankenhaus, das Kino, die Marinekaserne, das ehemalige Hotel und die kreisf\u00f6rmige Agora mit ihrem Uhrenturm sind allesamt in diesem Stil gehalten. In Lakki stehen viele Denkm\u00e4ler, zur Erinnerung an: Versenkung des Zerst\u00f6rers \u201eVasilissa Olga\u201c, \u201eAdrias\u201c und \u201eHMS Intrepid\u201c, Hubschrauberabsturz, K\u00e4mpfer im 2. Weltkrieg und ein Denkmal der Gemeinden Aschheim und Leros f\u00fcr die auf Leros gefallenen deutschen Soldaten und alle Opfer der Schlacht um Leros.<\/p>\n\n\n\n<p>In Lakki befindet sich auch die Marina mit ca. 220 Liegepl\u00e4tzen.<\/p>\n\n\n\n<div class=\"wp-block-columns is-layout-flex wp-container-core-columns-is-layout-9d6595d7 wp-block-columns-is-layout-flex\">\n<div class=\"wp-block-column is-layout-flow wp-block-column-is-layout-flow\">\n<figure class=\"wp-block-image size-full\"><img loading=\"lazy\" decoding=\"async\" width=\"400\" height=\"533\" src=\"https:\/\/gpv-aschheim.de\/wp-content\/uploads\/2023\/10\/Lakki_TunnelMuseum.jpg\" alt=\"\" class=\"wp-image-911\"\/><\/figure>\n<\/div>\n\n\n\n<div class=\"wp-block-column is-layout-flow wp-block-column-is-layout-flow\">\n<figure class=\"wp-block-image size-full\"><img loading=\"lazy\" decoding=\"async\" width=\"720\" height=\"440\" src=\"https:\/\/gpv-aschheim.de\/wp-content\/uploads\/2024\/01\/Lakki1.jpg\" alt=\"\" class=\"wp-image-1081\"\/><\/figure>\n<\/div>\n<\/div>\n\n\n\n<h3 class=\"wp-block-heading\"><strong>Arch\u00e4ologisches Museum<\/strong> <\/h3>\n\n\n\n<p>Auf der Hauptstra\u00dfe zwischen Agia Marina und Platanos. Exponate aus pr\u00e4historischer Zeit bis ins Mittelalter, z.B. Inschriften, Grabsteine, M\u00fcnzen, Mosaiken, Gef\u00e4\u00dfe.<\/p>\n\n\n\n<h3 class=\"wp-block-heading\">Tunnel Museum (war museum) <\/h3>\n\n\n\n<p>In Merikia. Sehr viele bedeutende Ausstellungsst\u00fccke aus dem 2. Weltkrieg in einem Tunnel.<\/p>\n\n\n\n<figure class=\"wp-block-image size-full\"><img loading=\"lazy\" decoding=\"async\" width=\"720\" height=\"440\" src=\"https:\/\/gpv-aschheim.de\/wp-content\/uploads\/2024\/01\/Tunnelmuseum.jpg\" alt=\"\" class=\"wp-image-1082\"\/><\/figure>\n\n\n\n<h3 class=\"wp-block-heading\">Kapelle \u201eAgios Isidoros\u201c <\/h3>\n\n\n\n<p>Bei Kokkali\/Gourna. Malerische Kapelle auf Inselchen, \u00fcber schmalen Fu\u00dfweg erreichbar.<\/p>\n\n\n\n<div class=\"wp-block-columns is-layout-flex wp-container-core-columns-is-layout-9d6595d7 wp-block-columns-is-layout-flex\">\n<div class=\"wp-block-column is-layout-flow wp-block-column-is-layout-flow\">\n<figure class=\"wp-block-image size-full\"><img loading=\"lazy\" decoding=\"async\" width=\"400\" height=\"225\" src=\"https:\/\/gpv-aschheim.de\/wp-content\/uploads\/2023\/10\/Agios-Isidoros-400.jpg\" alt=\"\" class=\"wp-image-925\"\/><\/figure>\n<\/div>\n\n\n\n<div class=\"wp-block-column is-layout-flow wp-block-column-is-layout-flow\"><\/div>\n<\/div>\n\n\n\n<h3 class=\"wp-block-heading\">Kapelle \u201eAgia Kioura\u201c <\/h3>\n\n\n\n<p>An der Nordk\u00fcste, mit expressiven Wandmalereien Gefangener der griechischen Milit\u00e4rherrschaft.<\/p>\n\n\n\n<div class=\"wp-block-columns is-layout-flex wp-container-core-columns-is-layout-9d6595d7 wp-block-columns-is-layout-flex\">\n<div class=\"wp-block-column is-layout-flow wp-block-column-is-layout-flow\">\n<figure class=\"wp-block-image size-full\"><img loading=\"lazy\" decoding=\"async\" width=\"360\" height=\"480\" src=\"https:\/\/gpv-aschheim.de\/wp-content\/uploads\/2024\/01\/Agia-Kioura11.jpg\" alt=\"\" class=\"wp-image-1091\"\/><\/figure>\n<\/div>\n\n\n\n<div class=\"wp-block-column is-layout-flow wp-block-column-is-layout-flow\">\n<figure class=\"wp-block-image size-full\"><img loading=\"lazy\" decoding=\"async\" width=\"720\" height=\"441\" src=\"https:\/\/gpv-aschheim.de\/wp-content\/uploads\/2024\/01\/Agia-Kioura22.jpg\" alt=\"\" class=\"wp-image-1093\"\/><\/figure>\n<\/div>\n<\/div>\n\n\n\n<h3 class=\"wp-block-heading\">Bellenis Tower <\/h3>\n\n\n\n<p>Historisches Museum, Folkloremuseum, Druckerei-Museum, Veranstaltungsort. In Alinda.<\/p>\n\n\n\n<div class=\"wp-block-columns is-layout-flex wp-container-core-columns-is-layout-9d6595d7 wp-block-columns-is-layout-flex\">\n<div class=\"wp-block-column is-layout-flow wp-block-column-is-layout-flow\">\n<figure class=\"wp-block-image size-full\"><img loading=\"lazy\" decoding=\"async\" width=\"360\" height=\"480\" src=\"https:\/\/gpv-aschheim.de\/wp-content\/uploads\/2024\/01\/BellensTower1.jpg\" alt=\"\" class=\"wp-image-1095\"\/><\/figure>\n<\/div>\n<\/div>\n\n\n\n<h3 class=\"wp-block-heading\">Artemis-Tempel <\/h3>\n\n\n\n<p>Sp\u00e4rliche \u201eMauer\u201c-Reste, 200m westlich der Landebahn bei Partheni.<\/p>\n\n\n\n<h3 class=\"wp-block-heading\">Kapelle \u201ePanagia Kavouradena\u201c <\/h3>\n\n\n\n<p>Bei Xerokambos. In Felsen gebaute Kapelle zu Ehren der \u201eJungfrau Maria der Krabben\u201c. Sch\u00f6ner Blick nach Kalymnos.<\/p>\n\n\n\n<figure class=\"wp-block-image size-full\"><img loading=\"lazy\" decoding=\"async\" width=\"720\" height=\"440\" src=\"https:\/\/gpv-aschheim.de\/wp-content\/uploads\/2024\/01\/Kavouradena.jpeg\" alt=\"\" class=\"wp-image-1083\"\/><\/figure>\n\n\n\n<h3 class=\"wp-block-heading\">Italienische Kaserne \u201eTerra Amata\u201c (Italian Diapori Building) <\/h3>\n\n\n\n<p>2 km entfernt von der \u201eKrabben-Kapelle\u201c auf dem Berg Tourtouras; erreichbar \u00fcber Wandweg (ca. 50 min Gehzeit). Im Inneren des ehemaligen italienischen Milit\u00e4rquartiers: Wandmalereien und Karikaturen, von Soldaten gemalt.<\/p>\n\n\n\n<div class=\"wp-block-columns is-layout-flex wp-container-core-columns-is-layout-9d6595d7 wp-block-columns-is-layout-flex\">\n<div class=\"wp-block-column is-layout-flow wp-block-column-is-layout-flow\">\n<figure class=\"wp-block-image size-full\"><img loading=\"lazy\" decoding=\"async\" width=\"360\" height=\"480\" src=\"https:\/\/gpv-aschheim.de\/wp-content\/uploads\/2024\/01\/italKaserne2.jpg\" alt=\"\" class=\"wp-image-1098\"\/><\/figure>\n<\/div>\n\n\n\n<div class=\"wp-block-column is-layout-flow wp-block-column-is-layout-flow\">\n<figure class=\"wp-block-image size-full\"><img loading=\"lazy\" decoding=\"async\" width=\"360\" height=\"480\" src=\"https:\/\/gpv-aschheim.de\/wp-content\/uploads\/2024\/01\/italKaserne1.jpg\" alt=\"\" class=\"wp-image-1097\"\/><\/figure>\n<\/div>\n<\/div>\n\n\n\n<h3 class=\"wp-block-heading\">Paliokastro (Castle of Lepidon) <\/h3>\n\n\n\n<p>\u00c4lteste Burg, oberhalb von Xerokambos. \u00dcberreste aus hellenistischer Zeit. Burg teilweise restauriert. Im Inneren der Burg Kapelle der Muttergottes. Sch\u00f6ne Aussicht.  <\/p>\n\n\n\n<h3 class=\"wp-block-heading\">Windm\u00fchlen von Leros <\/h3>\n\n\n\n<p>6 ehemalige Getreidem\u00fchlen auf dem Weg zum Kastro (in der 1.: \u201eHarris Bar\u201c, in der 3.: \u201eTraditional House\u201c). Weitere M\u00fchlen am Ortsrand von Panteli (z.B. \u201eAnemos Studios &amp; Mills).<\/p>\n\n\n\n<div class=\"wp-block-columns is-layout-flex wp-container-core-columns-is-layout-9d6595d7 wp-block-columns-is-layout-flex\">\n<div class=\"wp-block-column is-layout-flow wp-block-column-is-layout-flow\">\n<figure class=\"wp-block-image size-full\"><img loading=\"lazy\" decoding=\"async\" width=\"800\" height=\"490\" src=\"https:\/\/gpv-aschheim.de\/wp-content\/uploads\/2023\/05\/b-IMG_5893.jpg\" alt=\"\" class=\"wp-image-347\" srcset=\"https:\/\/gpv-aschheim.de\/wp-content\/uploads\/2023\/05\/b-IMG_5893.jpg 800w, https:\/\/gpv-aschheim.de\/wp-content\/uploads\/2023\/05\/b-IMG_5893-768x470.jpg 768w\" sizes=\"auto, (max-width: 800px) 100vw, 800px\" \/><\/figure>\n<\/div>\n\n\n\n<div class=\"wp-block-column is-layout-flow wp-block-column-is-layout-flow\">\n<figure class=\"wp-block-image size-full\"><img loading=\"lazy\" decoding=\"async\" width=\"720\" height=\"440\" src=\"https:\/\/gpv-aschheim.de\/wp-content\/uploads\/2024\/01\/Windmuehle3.jpg\" alt=\"\" class=\"wp-image-1106\"\/><\/figure>\n<\/div>\n<\/div>\n\n\n\n<h3 class=\"wp-block-heading\">Leriko Traditional House <\/h3>\n\n\n\n<p>3. Windm\u00fchle am Apittiki H\u00fcgel auf dem Weg zum Kastro mit Einrichtung traditioneller Insel-H\u00e4user.<\/p>\n\n\n\n<h3 class=\"wp-block-heading\">Aerophone \/ Parabolic Acoustic Mirror <\/h3>\n\n\n\n<p>Historisches Denkmal der Luftverteidigung aus dem 2. Weltkrieg, von den Italienern auf dem 250m hohen Patela errichtet. Eine Art akustisches Radar, um Schiffe und Flugzeuge zu h\u00f6ren und zu orten. Sch\u00f6ner Ausblick. Reine Gehzeit von der Kapelle Agios Efstathios aus: ca. 75 min.<\/p>\n\n\n\n<figure class=\"wp-block-image size-full\"><img loading=\"lazy\" decoding=\"async\" width=\"360\" height=\"480\" src=\"https:\/\/gpv-aschheim.de\/wp-content\/uploads\/2024\/01\/Aerophone1.jpg\" alt=\"\" class=\"wp-image-1084\"\/><\/figure>\n\n\n\n<h3 class=\"wp-block-heading\">Fort Bourtsi <\/h3>\n\n\n\n<p>Befestigungsanlage am Hafen von Agia Marina, vermutlich aus r\u00f6mischer Zeit. Nur noch eine Mauer erhalten.<\/p>\n\n\n\n<figure class=\"wp-block-image size-full\"><img loading=\"lazy\" decoding=\"async\" width=\"720\" height=\"440\" src=\"https:\/\/gpv-aschheim.de\/wp-content\/uploads\/2024\/01\/Fort.jpeg\" alt=\"\" class=\"wp-image-1085\"\/><\/figure>\n\n\n\n<h3 class=\"wp-block-heading\">Wracks <\/h3>\n\n\n\n<p>Unz\u00e4hlige Wrack-Reste von Flugzeugen, Landungs-, Versorgungs-, Kriegsschiffen, U\u2011Boot-Abwehrnetzen auf dem Meeresboden \u2013 die Gew\u00e4sser rund um Leros sind ein regelrechter Friedhof f\u00fcr Kriegs-Maschinerie aus dem 2. Weltkrieg. Besonders interessant f\u00fcr Taucher.<\/p>\n\n\n\n<h3 class=\"wp-block-heading\">Caserma of herbs <\/h3>\n\n\n\n<p>Die Sozialgenossenschaft KoiSpe: psychiatrischer Dienst, der sich die Berufsausbildung und soziale Rehabilitation von Menschen mit psychosozialen Problemen zum Ziel gesetzt hat. Eine moderne Einheit f\u00fcr psychische Gesundheit, die sich auf die Schaffung hochwertiger Arbeitspl\u00e4tze f\u00fcr Menschen mit psychischen Gesundheitsproblemen durch innovative, auf den Menschen ausgerichtete Aktivit\u00e4ten, konzentriert. Bienenzucht, der Anbau aromatischer Heilpflanzen, Konditorei, Volkskunsthandwerk und die Kr\u00e4uter- und Honigfarm \u201eCaserma\u201c sind die \u201etherapeutischen Instrumente\u201c zur Erreichung dieser Ziele.<\/p>\n\n\n\n<p>Kr\u00e4uter aus biologischem Anbau, von hohem agro-ern\u00e4hrungsphysiologischen Wert und kulinarischer Qualit\u00e4t. Die Verarbeitung aller Kr\u00e4uter zum Kochen und Tee (Pelargonie, Basilikum, Lorbeer, Rosmarin, Gr\u00fcne Minze, Bohnenkraut, Wilder Thymian, Oregano, Salbei, Zistrose, Zitronenverbene, Majoran, Zitronenmelisse, Minze, K\u00f6nigsminze, Kamille) erfolgt in Handarbeit und auf nat\u00fcrliche Weise, so dass Mensch und Natur im Mittelpunkt des gesamten Prozesses stehen und das beste qualitative Ergebnis erzielt wird.<\/p>\n\n\n\n<p>Leros ARTEMIS-Honig ist ein Produkt von ausgezeichneter Qualit\u00e4t und N\u00e4hrwert mit einem hohen Gehalt an Pollenk\u00f6rnern von Thymian, Eukalyptus und Dutzenden anderer lokaler Pflanzen. Die Kr\u00e4uterfarm in Koulouki bei Lakki kann vormittags an Wochentagen besichtigt werden.<\/p>\n\n\n\n<div class=\"wp-block-columns is-layout-flex wp-container-core-columns-is-layout-9d6595d7 wp-block-columns-is-layout-flex\">\n<div class=\"wp-block-column is-layout-flow wp-block-column-is-layout-flow\">\n<figure class=\"wp-block-image size-full\"><img loading=\"lazy\" decoding=\"async\" width=\"360\" height=\"480\" src=\"https:\/\/gpv-aschheim.de\/wp-content\/uploads\/2024\/01\/Caserma2.jpg\" alt=\"\" class=\"wp-image-1089\"\/><\/figure>\n<\/div>\n\n\n\n<div class=\"wp-block-column is-layout-flow wp-block-column-is-layout-flow\">\n<figure class=\"wp-block-image size-full\"><img loading=\"lazy\" decoding=\"async\" width=\"720\" height=\"440\" src=\"https:\/\/gpv-aschheim.de\/wp-content\/uploads\/2024\/01\/Caserma1.jpg\" alt=\"\" class=\"wp-image-1088\"\/><\/figure>\n<\/div>\n<\/div>\n\n\n\n<h3 class=\"wp-block-heading\">Weingut Hatzidakis <\/h3>\n\n\n\n<p>in Kamara (wine route), http:\/\/leroswines.gr\/index.html Wei\u00dfwein, Ros\u00e9, Rotwein, Oliven\u00f6l &#8211; Weingut kann nach Voranmeldung besichtigt werden.<\/p>\n\n\n\n<div class=\"wp-block-columns is-layout-flex wp-container-core-columns-is-layout-9d6595d7 wp-block-columns-is-layout-flex\">\n<div class=\"wp-block-column is-layout-flow wp-block-column-is-layout-flow\">\n<figure class=\"wp-block-image size-full\"><img loading=\"lazy\" decoding=\"async\" width=\"720\" height=\"440\" src=\"https:\/\/gpv-aschheim.de\/wp-content\/uploads\/2024\/01\/Weingut_11.jpg\" alt=\"\" class=\"wp-image-1107\"\/><\/figure>\n<\/div>\n\n\n\n<div class=\"wp-block-column is-layout-flow wp-block-column-is-layout-flow\">\n<figure class=\"wp-block-image size-full\"><img loading=\"lazy\" decoding=\"async\" width=\"720\" height=\"440\" src=\"https:\/\/gpv-aschheim.de\/wp-content\/uploads\/2024\/01\/Weingut_12.jpg\" alt=\"\" class=\"wp-image-1108\"\/><\/figure>\n<\/div>\n<\/div>\n","protected":false},"excerpt":{"rendered":"<p>Leros Castle \/ Kastro mit Marienkapelle und Kirchenmuseum Imposante Johanniterburg oberhalb von Agia Marina, Platanos und Panteli. Erreichbar \u00fcber 400 Stufen von Platanos aus oder von Panteli aus \u00fcber die Stra\u00dfe. Phantastische Aussicht. Auf dem Gel\u00e4nde steht auch Kirche der Panagia, bekannt wegen seiner Marien-Ikone und Fresken aus dem 13. Jahrhundert. Nebenan ein Kirchenmuseum mit [&hellip;]<\/p>\n","protected":false},"author":1,"featured_media":0,"parent":37,"menu_order":4,"comment_status":"closed","ping_status":"closed","template":"","meta":{"footnotes":""},"class_list":["post-675","page","type-page","status-publish","hentry","post"],"_links":{"self":[{"href":"https:\/\/gpv-aschheim.de\/index.php?rest_route=\/wp\/v2\/pages\/675","targetHints":{"allow":["GET"]}}],"collection":[{"href":"https:\/\/gpv-aschheim.de\/index.php?rest_route=\/wp\/v2\/pages"}],"about":[{"href":"https:\/\/gpv-aschheim.de\/index.php?rest_route=\/wp\/v2\/types\/page"}],"author":[{"embeddable":true,"href":"https:\/\/gpv-aschheim.de\/index.php?rest_route=\/wp\/v2\/users\/1"}],"replies":[{"embeddable":true,"href":"https:\/\/gpv-aschheim.de\/index.php?rest_route=%2Fwp%2Fv2%2Fcomments&post=675"}],"version-history":[{"count":13,"href":"https:\/\/gpv-aschheim.de\/index.php?rest_route=\/wp\/v2\/pages\/675\/revisions"}],"predecessor-version":[{"id":1110,"href":"https:\/\/gpv-aschheim.de\/index.php?rest_route=\/wp\/v2\/pages\/675\/revisions\/1110"}],"up":[{"embeddable":true,"href":"https:\/\/gpv-aschheim.de\/index.php?rest_route=\/wp\/v2\/pages\/37"}],"wp:attachment":[{"href":"https:\/\/gpv-aschheim.de\/index.php?rest_route=%2Fwp%2Fv2%2Fmedia&parent=675"}],"curies":[{"name":"wp","href":"https:\/\/api.w.org\/{rel}","templated":true}]}}